{"id":136038,"date":"2022-02-18T10:25:16","date_gmt":"2022-02-18T10:25:16","guid":{"rendered":"https:\/\/www.decolor.com\/?page_id=136038"},"modified":"2026-02-24T07:51:58","modified_gmt":"2026-02-24T07:51:58","slug":"politica-de-calidad-y-gestion-ambiental","status":"publish","type":"page","link":"https:\/\/www.decolor.com\/de\/politica-de-calidad-y-gestion-ambiental\/","title":{"rendered":"QUALIT\u00c4TSPOLITIK UND UMWELTMANAGEMENT"},"content":{"rendered":"<div data-elementor-type=\"wp-page\" data-elementor-id=\"136038\" class=\"elementor elementor-136038\" data-elementor-post-type=\"page\">\n\t\t\t\t\t\t<section data-particle_enable=\"false\" data-particle-mobile-disabled=\"false\" class=\"elementor-section elementor-top-section elementor-element elementor-element-525ac15 elementor-section-boxed elementor-section-height-default elementor-section-height-default\" data-id=\"525ac15\" data-element_type=\"section\">\n\t\t\t\t\t\t\t<div class=\"elementor-background-overlay\"><\/div>\n\t\t\t\t\t\t\t<div class=\"elementor-container elementor-column-gap-default\">\n\t\t\t\t\t<div class=\"elementor-column elementor-col-100 elementor-top-column elementor-element elementor-element-6d7f690\" data-id=\"6d7f690\" data-element_type=\"column\">\n\t\t\t<div class=\"elementor-widget-wrap elementor-element-populated\">\n\t\t\t\t\t\t<div class=\"elementor-element elementor-element-9d723b4 elementor-widget elementor-widget-heading\" data-id=\"9d723b4\" data-element_type=\"widget\" data-widget_type=\"heading.default\">\n\t\t\t\t<div class=\"elementor-widget-container\">\n\t\t\t<h2 class=\"elementor-heading-title elementor-size-default\">QUALIT\u00c4TSPOLITIK UND UMWELTMANAGEMENT<\/h2>\t\t<\/div>\n\t\t\t\t<\/div>\n\t\t\t\t\t<\/div>\n\t\t<\/div>\n\t\t\t\t\t<\/div>\n\t\t<\/section>\n\t\t\t\t<section data-particle_enable=\"false\" data-particle-mobile-disabled=\"false\" class=\"elementor-section elementor-top-section elementor-element elementor-element-ef710dc elementor-section-boxed elementor-section-height-default elementor-section-height-default\" data-id=\"ef710dc\" data-element_type=\"section\">\n\t\t\t\t\t\t<div class=\"elementor-container elementor-column-gap-default\">\n\t\t\t\t\t<div class=\"elementor-column elementor-col-100 elementor-top-column elementor-element elementor-element-e0e3317\" data-id=\"e0e3317\" data-element_type=\"column\">\n\t\t\t<div class=\"elementor-widget-wrap elementor-element-populated\">\n\t\t\t\t\t\t<div class=\"elementor-element elementor-element-a5f2b87 elementor-widget elementor-widget-text-editor\" data-id=\"a5f2b87\" data-element_type=\"widget\" data-widget_type=\"text-editor.default\">\n\t\t\t\t<div class=\"elementor-widget-container\">\n\t\t\t\t\t\t\t<p data-olk-copy-source=\"MessageBody\">Die Generaldirektion der\u00a0<b>FARBEN<\/b>\u00a0<b>FARBE<\/b>\u00a0Im Bewusstsein der wachsenden Bedeutung sozialer Sensibilit\u00e4t in Bezug auf Gesundheit und die Qualit\u00e4t der auf den heutigen M\u00e4rkten konsumierten Produkte und damit einhergehend eines angemessenen Umweltmanagements engagiert sich das Unternehmen uneingeschr\u00e4nkt f\u00fcr die Implementierung und kontinuierliche Verbesserung seines GISCA (Integriertes und Systematisches Qualit\u00e4ts- und Umweltsystem) gem\u00e4\u00df den Normen UNE-EN ISO 9001:2015 und UNE-EN ISO 14001:2015 f\u00fcr seine T\u00e4tigkeit als HERSTELLER VON FARBEN, LACKEN, BESCHICHTUNGEN UND SPEZIALBEHANDLUNGEN.<\/p><p aria-hidden=\"true\">\u00a0<\/p><p>Diese Verpflichtung wird explizit formuliert als\u00a0<b>Qualit\u00e4t und gutes Umweltmanagement<\/b>\u00a0bei all jenen Ma\u00dfnahmen, die darauf abzielen:<\/p><p aria-hidden=\"true\">\u00a0<\/p><ul type=\"disc\"><li>Eine kontinuierliche Verbesserung unserer Produkte und Dienstleistungen.<\/li><li>Einhaltung der gesetzlichen Anforderungen, die unsere Organisation betreffen, und anderer Anforderungen, die die Organisation in Bezug auf ihre Umweltaspekte, die Anforderungen unserer Kunden, anderer interessierter Parteien und unsere eigenen unterschreibt.<\/li><li>Angemessene Kommunikation und Schulung des Unternehmenspersonals sowie deren vollst\u00e4ndige Zusammenarbeit.<\/li><li>Verpflichtung zum Ziel der Fehlerfreiheit durch Analyse, Erlernen und \u00dcberwinden der Ursachen, die Fehler hervorrufen.<\/li><li>Nachhaltige Entwicklung, Respekt f\u00fcr die Umwelt und Vermeidung von Umweltverschmutzung<\/li><li>Dass jede Person f\u00fcr die Qualit\u00e4t ihrer Arbeit und den Schutz der Umwelt sowie deren \u00dcberpr\u00fcfung gem\u00e4\u00df den festgelegten Pl\u00e4nen verantwortlich ist.<\/li><\/ul><p aria-hidden=\"true\">\u00a0<\/p><p>In dem Ma\u00dfe, in dem wir diese Aspekte verbessern k\u00f6nnen, werden wir unserem grundlegenden Ziel n\u00e4herkommen.\u201c<b>um die Anforderungen und Erwartungen unserer Kunden vollumf\u00e4nglich zu erf\u00fcllen<\/b>\u201d.<\/p><p aria-hidden=\"true\">\u00a0<\/p><p>Die Generaldirektion der\u00a0<b>FARBEN<\/b>\u00a0<b>FARBE<\/b>\u00a0dr\u00fcckt die feste Verpflichtung aus, seine Qualit\u00e4ts- und Umweltmanagementpolitik durchzuf\u00fchren sowie die entsprechenden \u00dcberarbeitungen und Aktualisierungen vorzunehmen.<\/p><p>\u00a0 \u00a0 \u00a0 \u00a0 \u00a0<\/p><p>La Roda, 7. Januar 2021<\/p>\t\t\t\t\t\t<\/div>\n\t\t\t\t<\/div>\n\t\t\t\t\t<\/div>\n\t\t<\/div>\n\t\t\t\t\t<\/div>\n\t\t<\/section>\n\t\t\t\t<\/div>","protected":false},"excerpt":{"rendered":"<p>POLITICA DE CALIDAD Y GESTION AMBIENTAL La Direcci\u00f3n General de\u00a0PINTURAS\u00a0DECOLOR\u00a0consciente de la creciente importancia de la sensibilidad social relacionada con la salud y de la calidad de los productos a consumir en los mercados actuales y, a su vez, \u00a0la correcta gesti\u00f3n medioambiental, est\u00e1 plenamente comprometida con la implantaci\u00f3n y mejora continua de su G.I.S.C.A.&hellip; <a class=\"more-link\" href=\"https:\/\/www.decolor.com\/de\/politica-de-calidad-y-gestion-ambiental\/\"><span class=\"screen-reader-text\">QUALIT\u00c4TSPOLITIK UND UMWELTMANAGEMENT<\/span> weitersen<\/a><\/p>","protected":false},"author":1,"featured_media":0,"parent":0,"menu_order":0,"comment_status":"closed","ping_status":"closed","template":"elementor_header_footer","meta":{"_acf_changed":false,"footnotes":""},"class_list":["post-136038","page","type-page","status-publish","hentry","entry"],"acf":[],"yoast_head":"<!-- This site is optimized with the Yoast SEO plugin v23.4 - https:\/\/yoast.com\/wordpress\/plugins\/seo\/ -->\n<title>POLITICA DE CALIDAD Y GESTION AMBIENTAL - Decolor<\/title>\n<meta name=\"robots\" content=\"index, follow, max-snippet:-1, max-image-preview:large, max-video-preview:-1\" \/>\n<link rel=\"canonical\" href=\"https:\/\/www.decolor.com\/de\/politica-de-calidad-y-gestion-ambiental\/\" \/>\n<meta property=\"og:locale\" content=\"de_DE\" \/>\n<meta property=\"og:type\" content=\"article\" \/>\n<meta property=\"og:title\" content=\"POLITICA DE CALIDAD Y GESTION AMBIENTAL - Decolor\" \/>\n<meta property=\"og:description\" content=\"POLITICA DE CALIDAD Y GESTION AMBIENTAL La Direcci\u00f3n General de\u00a0PINTURAS\u00a0DECOLOR\u00a0consciente de la creciente importancia de la sensibilidad social relacionada con la salud y de la calidad de los productos a consumir en los mercados actuales y, a su vez, \u00a0la correcta gesti\u00f3n medioambiental, est\u00e1 plenamente comprometida con la implantaci\u00f3n y mejora continua de su G.I.S.C.A.&hellip; POLITICA DE CALIDAD Y GESTION AMBIENTAL weiterlesen\" \/>\n<meta property=\"og:url\" content=\"https:\/\/www.decolor.com\/de\/politica-de-calidad-y-gestion-ambiental\/\" \/>\n<meta property=\"og:site_name\" content=\"Decolor\" \/>\n<meta property=\"article:modified_time\" content=\"2026-02-24T07:51:58+00:00\" \/>\n<meta name=\"twitter:card\" content=\"summary_large_image\" \/>\n<meta name=\"twitter:label1\" content=\"Gesch\u00e4tzte Lesezeit\" \/>\n\t<meta name=\"twitter:data1\" content=\"2\u00a0Minuten\" \/>\n<script type=\"application\/ld+json\" class=\"yoast-schema-graph\">{\"@context\":\"https:\/\/schema.org\",\"@graph\":[{\"@type\":\"WebPage\",\"@id\":\"https:\/\/www.decolor.com\/es\/politica-de-calidad-y-gestion-ambiental\/\",\"url\":\"https:\/\/www.decolor.com\/es\/politica-de-calidad-y-gestion-ambiental\/\",\"name\":\"POLITICA DE CALIDAD Y GESTION AMBIENTAL - Decolor\",\"isPartOf\":{\"@id\":\"https:\/\/www.decolor.com\/it\/#website\"},\"datePublished\":\"2022-02-18T10:25:16+00:00\",\"dateModified\":\"2026-02-24T07:51:58+00:00\",\"breadcrumb\":{\"@id\":\"https:\/\/www.decolor.com\/es\/politica-de-calidad-y-gestion-ambiental\/#breadcrumb\"},\"inLanguage\":\"de\",\"potentialAction\":[{\"@type\":\"ReadAction\",\"target\":[\"https:\/\/www.decolor.com\/es\/politica-de-calidad-y-gestion-ambiental\/\"]}]},{\"@type\":\"BreadcrumbList\",\"@id\":\"https:\/\/www.decolor.com\/es\/politica-de-calidad-y-gestion-ambiental\/#breadcrumb\",\"itemListElement\":[{\"@type\":\"ListItem\",\"position\":1,\"name\":\"Home\",\"item\":\"https:\/\/www.decolor.com\/\"},{\"@type\":\"ListItem\",\"position\":2,\"name\":\"POLITICA DE CALIDAD Y GESTION AMBIENTAL\"}]},{\"@type\":\"WebSite\",\"@id\":\"https:\/\/www.decolor.com\/it\/#website\",\"url\":\"https:\/\/www.decolor.com\/it\/\",\"name\":\"Decolor\",\"description\":\"Web Decolor\",\"publisher\":{\"@id\":\"https:\/\/www.decolor.com\/it\/#organization\"},\"potentialAction\":[{\"@type\":\"SearchAction\",\"target\":{\"@type\":\"EntryPoint\",\"urlTemplate\":\"https:\/\/www.decolor.com\/it\/?s={search_term_string}\"},\"query-input\":{\"@type\":\"PropertyValueSpecification\",\"valueRequired\":true,\"valueName\":\"search_term_string\"}}],\"inLanguage\":\"de\"},{\"@type\":\"Organization\",\"@id\":\"https:\/\/www.decolor.com\/it\/#organization\",\"name\":\"Decolor\",\"url\":\"https:\/\/www.decolor.com\/it\/\",\"logo\":{\"@type\":\"ImageObject\",\"inLanguage\":\"de\",\"@id\":\"https:\/\/www.decolor.com\/it\/#\/schema\/logo\/image\/\",\"url\":\"https:\/\/www.decolor.com\/wp-content\/uploads\/2021\/02\/marca_principal_pinturas_decolor_color.png\",\"contentUrl\":\"https:\/\/www.decolor.com\/wp-content\/uploads\/2021\/02\/marca_principal_pinturas_decolor_color.png\",\"width\":1588,\"height\":421,\"caption\":\"Decolor\"},\"image\":{\"@id\":\"https:\/\/www.decolor.com\/it\/#\/schema\/logo\/image\/\"}}]}<\/script>\n<!-- \/ Yoast SEO plugin. -->","yoast_head_json":{"title":"POLITICA DE CALIDAD Y GESTION AMBIENTAL - Decolor","robots":{"index":"index","follow":"follow","max-snippet":"max-snippet:-1","max-image-preview":"max-image-preview:large","max-video-preview":"max-video-preview:-1"},"canonical":"https:\/\/www.decolor.com\/de\/politica-de-calidad-y-gestion-ambiental\/","og_locale":"de_DE","og_type":"article","og_title":"POLITICA DE CALIDAD Y GESTION AMBIENTAL - Decolor","og_description":"POLITICA DE CALIDAD Y GESTION AMBIENTAL La Direcci\u00f3n General de\u00a0PINTURAS\u00a0DECOLOR\u00a0consciente de la creciente importancia de la sensibilidad social relacionada con la salud y de la calidad de los productos a consumir en los mercados actuales y, a su vez, \u00a0la correcta gesti\u00f3n medioambiental, est\u00e1 plenamente comprometida con la implantaci\u00f3n y mejora continua de su G.I.S.C.A.&hellip; POLITICA DE CALIDAD Y GESTION AMBIENTAL weiterlesen","og_url":"https:\/\/www.decolor.com\/de\/politica-de-calidad-y-gestion-ambiental\/","og_site_name":"Decolor","article_modified_time":"2026-02-24T07:51:58+00:00","twitter_card":"summary_large_image","twitter_misc":{"Gesch\u00e4tzte Lesezeit":"2\u00a0Minuten"},"schema":{"@context":"https:\/\/schema.org","@graph":[{"@type":"WebPage","@id":"https:\/\/www.decolor.com\/es\/politica-de-calidad-y-gestion-ambiental\/","url":"https:\/\/www.decolor.com\/es\/politica-de-calidad-y-gestion-ambiental\/","name":"POLITICA DE CALIDAD Y GESTION AMBIENTAL - Decolor","isPartOf":{"@id":"https:\/\/www.decolor.com\/it\/#website"},"datePublished":"2022-02-18T10:25:16+00:00","dateModified":"2026-02-24T07:51:58+00:00","breadcrumb":{"@id":"https:\/\/www.decolor.com\/es\/politica-de-calidad-y-gestion-ambiental\/#breadcrumb"},"inLanguage":"de","potentialAction":[{"@type":"ReadAction","target":["https:\/\/www.decolor.com\/es\/politica-de-calidad-y-gestion-ambiental\/"]}]},{"@type":"BreadcrumbList","@id":"https:\/\/www.decolor.com\/es\/politica-de-calidad-y-gestion-ambiental\/#breadcrumb","itemListElement":[{"@type":"ListItem","position":1,"name":"Home","item":"https:\/\/www.decolor.com\/"},{"@type":"ListItem","position":2,"name":"POLITICA DE CALIDAD Y GESTION AMBIENTAL"}]},{"@type":"WebSite","@id":"https:\/\/www.decolor.com\/it\/#website","url":"https:\/\/www.decolor.com\/it\/","name":"Farbe","description":"Web-Entf\u00e4rbung","publisher":{"@id":"https:\/\/www.decolor.com\/it\/#organization"},"potentialAction":[{"@type":"SearchAction","target":{"@type":"EntryPoint","urlTemplate":"https:\/\/www.decolor.com\/it\/?s={search_term_string}"},"query-input":{"@type":"PropertyValueSpecification","valueRequired":true,"valueName":"search_term_string"}}],"inLanguage":"de"},{"@type":"Organization","@id":"https:\/\/www.decolor.com\/it\/#organization","name":"Farbe","url":"https:\/\/www.decolor.com\/it\/","logo":{"@type":"ImageObject","inLanguage":"de","@id":"https:\/\/www.decolor.com\/it\/#\/schema\/logo\/image\/","url":"https:\/\/www.decolor.com\/wp-content\/uploads\/2021\/02\/marca_principal_pinturas_decolor_color.png","contentUrl":"https:\/\/www.decolor.com\/wp-content\/uploads\/2021\/02\/marca_principal_pinturas_decolor_color.png","width":1588,"height":421,"caption":"Decolor"},"image":{"@id":"https:\/\/www.decolor.com\/it\/#\/schema\/logo\/image\/"}}]}},"_links":{"self":[{"href":"https:\/\/www.decolor.com\/de\/wp-json\/wp\/v2\/pages\/136038"}],"collection":[{"href":"https:\/\/www.decolor.com\/de\/wp-json\/wp\/v2\/pages"}],"about":[{"href":"https:\/\/www.decolor.com\/de\/wp-json\/wp\/v2\/types\/page"}],"author":[{"embeddable":true,"href":"https:\/\/www.decolor.com\/de\/wp-json\/wp\/v2\/users\/1"}],"replies":[{"embeddable":true,"href":"https:\/\/www.decolor.com\/de\/wp-json\/wp\/v2\/comments?post=136038"}],"version-history":[{"count":3,"href":"https:\/\/www.decolor.com\/de\/wp-json\/wp\/v2\/pages\/136038\/revisions"}],"predecessor-version":[{"id":151674,"href":"https:\/\/www.decolor.com\/de\/wp-json\/wp\/v2\/pages\/136038\/revisions\/151674"}],"wp:attachment":[{"href":"https:\/\/www.decolor.com\/de\/wp-json\/wp\/v2\/media?parent=136038"}],"curies":[{"name":"wp","href":"https:\/\/api.w.org\/{rel}","templated":true}]}}