{"id":142765,"date":"2023-12-19T18:41:28","date_gmt":"2023-12-19T18:41:28","guid":{"rendered":"https:\/\/www.decolor.com\/?page_id=142765"},"modified":"2023-12-19T20:11:59","modified_gmt":"2023-12-19T20:11:59","slug":"compromiso-con-la-proteccion-de-datos-personales","status":"publish","type":"page","link":"https:\/\/www.decolor.com\/de\/compromiso-con-la-proteccion-de-datos-personales\/","title":{"rendered":"Verpflichtung zum Schutz personenbezogener Daten"},"content":{"rendered":"<div data-elementor-type=\"wp-page\" data-elementor-id=\"142765\" class=\"elementor elementor-142765\" data-elementor-post-type=\"page\">\n\t\t\t\t\t\t<section data-particle_enable=\"false\" data-particle-mobile-disabled=\"false\" class=\"elementor-section elementor-top-section elementor-element elementor-element-525ac15 elementor-section-boxed elementor-section-height-default elementor-section-height-default\" data-id=\"525ac15\" data-element_type=\"section\">\n\t\t\t\t\t\t\t<div class=\"elementor-background-overlay\"><\/div>\n\t\t\t\t\t\t\t<div class=\"elementor-container elementor-column-gap-default\">\n\t\t\t\t\t<div class=\"elementor-column elementor-col-100 elementor-top-column elementor-element elementor-element-6d7f690\" data-id=\"6d7f690\" data-element_type=\"column\">\n\t\t\t<div class=\"elementor-widget-wrap elementor-element-populated\">\n\t\t\t\t\t\t<div class=\"elementor-element elementor-element-9d723b4 elementor-widget elementor-widget-heading\" data-id=\"9d723b4\" data-element_type=\"widget\" data-widget_type=\"heading.default\">\n\t\t\t\t<div class=\"elementor-widget-container\">\n\t\t\t<h2 class=\"elementor-heading-title elementor-size-default\">VERPFLICHTUNG ZUM SCHUTZ PERSONENBEZOGENER DATEN<\/h2>\t\t<\/div>\n\t\t\t\t<\/div>\n\t\t\t\t\t<\/div>\n\t\t<\/div>\n\t\t\t\t\t<\/div>\n\t\t<\/section>\n\t\t\t\t<section data-particle_enable=\"false\" data-particle-mobile-disabled=\"false\" class=\"elementor-section elementor-top-section elementor-element elementor-element-ef710dc txt-content elementor-section-boxed elementor-section-height-default elementor-section-height-default\" data-id=\"ef710dc\" data-element_type=\"section\">\n\t\t\t\t\t\t<div class=\"elementor-container elementor-column-gap-default\">\n\t\t\t\t\t<div class=\"elementor-column elementor-col-100 elementor-top-column elementor-element elementor-element-e0e3317\" data-id=\"e0e3317\" data-element_type=\"column\">\n\t\t\t<div class=\"elementor-widget-wrap elementor-element-populated\">\n\t\t\t\t\t\t<div class=\"elementor-element elementor-element-bc8b546 elementor-widget elementor-widget-heading\" data-id=\"bc8b546\" data-element_type=\"widget\" data-widget_type=\"heading.default\">\n\t\t\t\t<div class=\"elementor-widget-container\">\n\t\t\t<h2 class=\"elementor-heading-title elementor-size-large\">UNSER ENGAGEMENT ZUM SCHUTZ PERSONENBEZOGENER DATEN: \u201eINFORMIERTE MENSCHEN UND GESCH\u00dcTZTE DATEN\u201c<\/h2>\t\t<\/div>\n\t\t\t\t<\/div>\n\t\t\t\t<div class=\"elementor-element elementor-element-504ae53 elementor-widget elementor-widget-text-editor\" data-id=\"504ae53\" data-element_type=\"widget\" data-widget_type=\"text-editor.default\">\n\t\t\t\t<div class=\"elementor-widget-container\">\n\t\t\t\t\t\t\t<p>Das Management \/ Leitungsgremium von <strong>PINTURAS DECOLOR, SL<\/strong> (im Folgenden: der Datenverantwortliche) \u00fcbernimmt maximale Verantwortung und Engagement f\u00fcr die Erstellung, Umsetzung und Aufrechterhaltung dieser Datenschutzrichtlinie und gew\u00e4hrleistet die kontinuierliche Verbesserung des Datenverantwortlichen mit dem Ziel, Spitzenleistungen in Bezug auf die Einhaltung der Verordnung (EU) 2016 zu erreichen \/679 des Europ\u00e4ischen Parlaments und des Rates vom 27. April 2016 zum Schutz nat\u00fcrlicher Personen bei der Verarbeitung personenbezogener Daten und zum freien Verkehr dieser Daten und damit zur Aufhebung der Richtlinie 95\/46\/EG (Allgemeines). Datenschutzverordnung) (ABl. L 119\/1 vom 05.04.2016) und die spanischen Vorschriften zum Schutz personenbezogener Daten (Organisches Gesetz, sektorspezifische Gesetzgebung und ihre Entwicklungsstandards).<\/p><p>Die Datenschutzrichtlinie von <strong>PINTURAS DECOLOR, SL<\/strong> Ruhe in der <span style=\"text-decoration: underline;\">Prinzip der proaktiven Verantwortung<\/span>, wonach der Datenverantwortliche f\u00fcr die Einhaltung des regulatorischen und rechtswissenschaftlichen Rahmens verantwortlich ist, der diese Richtlinie regelt, und in der Lage ist, dies gegen\u00fcber den zust\u00e4ndigen Kontrollbeh\u00f6rden nachzuweisen.<\/p><p>In diesem Sinne unterliegt der Datenverantwortliche den folgenden Grunds\u00e4tzen, die allen seinen Mitarbeitern als Leitfaden und Referenzrahmen bei der Verarbeitung personenbezogener Daten dienen m\u00fcssen:<\/p><ol><li><span style=\"text-decoration: underline;\">Datenschutz durch Technikgestaltung<\/span>: Der Verantwortliche wird sowohl zum Zeitpunkt der Festlegung der Verarbeitungsmethoden als auch zum Zeitpunkt der Verarbeitung selbst geeignete technische und organisatorische Ma\u00dfnahmen anwenden, wie z. B. Pseudonymisierung, die darauf abzielen, Datenschutzgrunds\u00e4tze wie Datenminimierung wirksam anzuwenden und zu integrieren die notwendigen Garantien bei der Behandlung.<\/li><li><span style=\"text-decoration: underline;\">Standard-Datenschutz<\/span>: Der Verantwortliche wird geeignete technische und organisatorische Ma\u00dfnahmen ergreifen, um sicherzustellen, dass standardm\u00e4\u00dfig nur personenbezogene Daten verarbeitet werden, die f\u00fcr den jeweiligen Verarbeitungszweck erforderlich sind.<\/li><li><span style=\"text-decoration: underline;\">Datenschutz im Informationslebenszyklus<\/span>: Ma\u00dfnahmen, die den Schutz personenbezogener Daten gew\u00e4hrleisten, gelten w\u00e4hrend des gesamten Lebenszyklus der Informationen.<\/li><li><span style=\"text-decoration: underline;\">Legalit\u00e4t, Loyalit\u00e4t und Transparenz<\/span>: Personenbezogene Daten werden im Verh\u00e4ltnis zum Interessenten auf rechtm\u00e4\u00dfige, faire und transparente Weise verarbeitet.<\/li><li><span style=\"text-decoration: underline;\">Zweckbeschr\u00e4nkung<\/span>: Personenbezogene Daten werden f\u00fcr bestimmte, eindeutige und legitime Zwecke erhoben und nicht in einer mit diesen Zwecken unvereinbaren Weise weiterverarbeitet.<\/li><li><span style=\"text-decoration: underline;\">Datenminimierung<\/span>: Die personenbezogenen Daten sind angemessen, relevant und auf das f\u00fcr die Zwecke, f\u00fcr die sie verarbeitet werden, erforderliche Ma\u00df beschr\u00e4nkt.<\/li><li><span style=\"text-decoration: underline;\">Genauigkeit<\/span>: Pers\u00f6nliche Daten werden korrekt sein und bei Bedarf aktualisiert; Es werden alle angemessenen Ma\u00dfnahmen ergriffen, um personenbezogene Daten, die im Hinblick auf die Zwecke, f\u00fcr die sie verarbeitet werden, unrichtig sind, unverz\u00fcglich zu l\u00f6schen oder zu berichtigen.<\/li><li><span style=\"text-decoration: underline;\">Begrenzung der Aufbewahrungsfrist<\/span>: Personenbezogene Daten werden so gespeichert, dass die Identifizierung der interessierten Parteien nicht l\u00e4nger m\u00f6glich ist, als es f\u00fcr die Zwecke der Verarbeitung personenbezogener Daten erforderlich ist.<\/li><li><span style=\"text-decoration: underline;\">Integrit\u00e4t und Vertraulichkeit<\/span>: Personenbezogene Daten werden so verarbeitet, dass durch die Anwendung geeigneter technischer oder organisatorischer Ma\u00dfnahmen eine angemessene Sicherheit personenbezogener Daten gew\u00e4hrleistet ist, einschlie\u00dflich des Schutzes vor unbefugter oder rechtswidriger Verarbeitung und vor unbeabsichtigtem Verlust, zuf\u00e4lliger Zerst\u00f6rung oder Besch\u00e4digung.<\/li><li><span style=\"text-decoration: underline;\">Informationen und Schulungen<\/span>: Einer der Schl\u00fcssel zur Gew\u00e4hrleistung des Schutzes personenbezogener Daten ist die Schulung und Information des an der Verarbeitung beteiligten Personals. W\u00e4hrend des Lebenszyklus der Informationen werden alle Mitarbeiter, die Zugang zu den Daten haben, entsprechend geschult und \u00fcber ihre Pflichten im Zusammenhang mit der Einhaltung datenschutzrechtlicher Vorschriften informiert.<\/li><\/ol><p>Die Datenschutzrichtlinie von <strong>PINTURAS DECOLOR, SL<\/strong> Sie wird allen Mitarbeitern des Verantwortlichen mitgeteilt und allen interessierten Parteien zur Verf\u00fcgung gestellt.<\/p><p>Folglich gilt diese Datenschutzrichtlinie f\u00fcr alle Mitarbeiter des Datenverantwortlichen, die sie kennen und annehmen und als ihre eigenen betrachten m\u00fcssen, wobei jedes Mitglied daf\u00fcr verantwortlich ist, sie anzuwenden und die f\u00fcr seine T\u00e4tigkeit geltenden Datenschutzbestimmungen zu \u00fcberpr\u00fcfen. , as sowie die Identifizierung und Bereitstellung von Verbesserungsm\u00f6glichkeiten, die es f\u00fcr angemessen h\u00e4lt, mit dem Ziel, Exzellenz in Bezug auf seine Compliance zu erreichen.<\/p><p>Diese Richtlinie wird vom Management\/Verwaltungsorgan von \u00fcberpr\u00fcft <strong>PINTURAS DECOLOR, SL<\/strong>, so oft wie n\u00f6tig, um sich jederzeit an die aktuellen Bestimmungen zum Schutz personenbezogener Daten anzupassen.<\/p>\t\t\t\t\t\t<\/div>\n\t\t\t\t<\/div>\n\t\t\t\t\t<\/div>\n\t\t<\/div>\n\t\t\t\t\t<\/div>\n\t\t<\/section>\n\t\t\t\t<\/div>","protected":false},"excerpt":{"rendered":"<p>ENGAGEMENT ZUM SCHUTZ PERSONENBEZOGENER DATEN UNSER ENGAGEMENT ZUM SCHUTZ PERSONENBEZOGENER DATEN: \u201eINFORMIERTE PERSONEN UND GESCH\u00dcTZTE DATEN\u201c Die Gesch\u00e4ftsf\u00fchrung\/das Leitungsgremium von PINTURAS DECOLOR, SL (im Folgenden \u201eVerantwortlicher\u201c) \u00fcbernimmt die maximale Verantwortung und Verpflichtung f\u00fcr die Erstellung, Umsetzung und Aufrechterhaltung dieser Datenschutzrichtlinie\u2026 <a class=\"more-link\" href=\"https:\/\/www.decolor.com\/de\/compromiso-con-la-proteccion-de-datos-personales\/\"><span class=\"screen-reader-text\">Verpflichtung zum Schutz personenbezogener Daten<\/span> weitersen<\/a><\/p>","protected":false},"author":1,"featured_media":0,"parent":0,"menu_order":0,"comment_status":"closed","ping_status":"closed","template":"elementor_header_footer","meta":{"_acf_changed":false,"footnotes":""},"class_list":["post-142765","page","type-page","status-publish","hentry","entry"],"acf":[],"yoast_head":"<!-- This site is optimized with the Yoast SEO plugin v23.4 - https:\/\/yoast.com\/wordpress\/plugins\/seo\/ -->\n<title>Compromiso con la protecci\u00f3n de datos personales - Decolor<\/title>\n<meta name=\"robots\" content=\"index, follow, max-snippet:-1, max-image-preview:large, max-video-preview:-1\" \/>\n<link rel=\"canonical\" href=\"https:\/\/www.decolor.com\/de\/compromiso-con-la-proteccion-de-datos-personales\/\" \/>\n<meta property=\"og:locale\" content=\"de_DE\" \/>\n<meta property=\"og:type\" content=\"article\" \/>\n<meta property=\"og:title\" content=\"Compromiso con la protecci\u00f3n de datos personales - Decolor\" \/>\n<meta property=\"og:description\" content=\"COMPROMISO CON LA PROTECCI\u00d3N DE DATOS PERSONALES NUESTRO COMPROMISO CON LA PROTECCI\u00d3N DE DATOS PERSONALES: \u201cPERSONAS INFORMADAS Y DATOS PROTEGIDOS\u201d La Direcci\u00f3n \/ \u00d3rgano de Gobierno de PINTURAS DECOLOR, S.L. (en adelante, el responsable del tratamiento), asume la m\u00e1xima responsabilidad y compromiso con el establecimiento, implementaci\u00f3n y mantenimiento de la presente Pol\u00edtica de Protecci\u00f3n de&hellip; Compromiso con la protecci\u00f3n de datos personales weiterlesen\" \/>\n<meta property=\"og:url\" content=\"https:\/\/www.decolor.com\/de\/compromiso-con-la-proteccion-de-datos-personales\/\" \/>\n<meta property=\"og:site_name\" content=\"Decolor\" \/>\n<meta property=\"article:modified_time\" content=\"2023-12-19T20:11:59+00:00\" \/>\n<meta name=\"twitter:card\" content=\"summary_large_image\" \/>\n<meta name=\"twitter:label1\" content=\"Gesch\u00e4tzte Lesezeit\" \/>\n\t<meta name=\"twitter:data1\" content=\"4\u00a0Minuten\" \/>\n<script type=\"application\/ld+json\" class=\"yoast-schema-graph\">{\"@context\":\"https:\/\/schema.org\",\"@graph\":[{\"@type\":\"WebPage\",\"@id\":\"https:\/\/www.decolor.com\/ru\/compromiso-con-la-proteccion-de-datos-personales\/\",\"url\":\"https:\/\/www.decolor.com\/ru\/compromiso-con-la-proteccion-de-datos-personales\/\",\"name\":\"Compromiso con la protecci\u00f3n de datos personales - Decolor\",\"isPartOf\":{\"@id\":\"https:\/\/www.decolor.com\/it\/#website\"},\"datePublished\":\"2023-12-19T18:41:28+00:00\",\"dateModified\":\"2023-12-19T20:11:59+00:00\",\"breadcrumb\":{\"@id\":\"https:\/\/www.decolor.com\/ru\/compromiso-con-la-proteccion-de-datos-personales\/#breadcrumb\"},\"inLanguage\":\"de\",\"potentialAction\":[{\"@type\":\"ReadAction\",\"target\":[\"https:\/\/www.decolor.com\/ru\/compromiso-con-la-proteccion-de-datos-personales\/\"]}]},{\"@type\":\"BreadcrumbList\",\"@id\":\"https:\/\/www.decolor.com\/ru\/compromiso-con-la-proteccion-de-datos-personales\/#breadcrumb\",\"itemListElement\":[{\"@type\":\"ListItem\",\"position\":1,\"name\":\"Home\",\"item\":\"https:\/\/www.decolor.com\/\"},{\"@type\":\"ListItem\",\"position\":2,\"name\":\"Compromiso con la protecci\u00f3n de datos personales\"}]},{\"@type\":\"WebSite\",\"@id\":\"https:\/\/www.decolor.com\/it\/#website\",\"url\":\"https:\/\/www.decolor.com\/it\/\",\"name\":\"Decolor\",\"description\":\"Web Decolor\",\"publisher\":{\"@id\":\"https:\/\/www.decolor.com\/it\/#organization\"},\"potentialAction\":[{\"@type\":\"SearchAction\",\"target\":{\"@type\":\"EntryPoint\",\"urlTemplate\":\"https:\/\/www.decolor.com\/it\/?s={search_term_string}\"},\"query-input\":{\"@type\":\"PropertyValueSpecification\",\"valueRequired\":true,\"valueName\":\"search_term_string\"}}],\"inLanguage\":\"de\"},{\"@type\":\"Organization\",\"@id\":\"https:\/\/www.decolor.com\/it\/#organization\",\"name\":\"Decolor\",\"url\":\"https:\/\/www.decolor.com\/it\/\",\"logo\":{\"@type\":\"ImageObject\",\"inLanguage\":\"de\",\"@id\":\"https:\/\/www.decolor.com\/it\/#\/schema\/logo\/image\/\",\"url\":\"https:\/\/www.decolor.com\/wp-content\/uploads\/2021\/02\/marca_principal_pinturas_decolor_color.png\",\"contentUrl\":\"https:\/\/www.decolor.com\/wp-content\/uploads\/2021\/02\/marca_principal_pinturas_decolor_color.png\",\"width\":1588,\"height\":421,\"caption\":\"Decolor\"},\"image\":{\"@id\":\"https:\/\/www.decolor.com\/it\/#\/schema\/logo\/image\/\"}}]}<\/script>\n<!-- \/ Yoast SEO plugin. -->","yoast_head_json":{"title":"Compromiso con la protecci\u00f3n de datos personales - Decolor","robots":{"index":"index","follow":"follow","max-snippet":"max-snippet:-1","max-image-preview":"max-image-preview:large","max-video-preview":"max-video-preview:-1"},"canonical":"https:\/\/www.decolor.com\/de\/compromiso-con-la-proteccion-de-datos-personales\/","og_locale":"de_DE","og_type":"article","og_title":"Compromiso con la protecci\u00f3n de datos personales - Decolor","og_description":"COMPROMISO CON LA PROTECCI\u00d3N DE DATOS PERSONALES NUESTRO COMPROMISO CON LA PROTECCI\u00d3N DE DATOS PERSONALES: \u201cPERSONAS INFORMADAS Y DATOS PROTEGIDOS\u201d La Direcci\u00f3n \/ \u00d3rgano de Gobierno de PINTURAS DECOLOR, S.L. (en adelante, el responsable del tratamiento), asume la m\u00e1xima responsabilidad y compromiso con el establecimiento, implementaci\u00f3n y mantenimiento de la presente Pol\u00edtica de Protecci\u00f3n de&hellip; Compromiso con la protecci\u00f3n de datos personales weiterlesen","og_url":"https:\/\/www.decolor.com\/de\/compromiso-con-la-proteccion-de-datos-personales\/","og_site_name":"Decolor","article_modified_time":"2023-12-19T20:11:59+00:00","twitter_card":"summary_large_image","twitter_misc":{"Gesch\u00e4tzte Lesezeit":"4\u00a0Minuten"},"schema":{"@context":"https:\/\/schema.org","@graph":[{"@type":"WebPage","@id":"https:\/\/www.decolor.com\/ru\/compromiso-con-la-proteccion-de-datos-personales\/","url":"https:\/\/www.decolor.com\/ru\/compromiso-con-la-proteccion-de-datos-personales\/","name":"Compromiso con la protecci\u00f3n de datos personales - Decolor","isPartOf":{"@id":"https:\/\/www.decolor.com\/it\/#website"},"datePublished":"2023-12-19T18:41:28+00:00","dateModified":"2023-12-19T20:11:59+00:00","breadcrumb":{"@id":"https:\/\/www.decolor.com\/ru\/compromiso-con-la-proteccion-de-datos-personales\/#breadcrumb"},"inLanguage":"de","potentialAction":[{"@type":"ReadAction","target":["https:\/\/www.decolor.com\/ru\/compromiso-con-la-proteccion-de-datos-personales\/"]}]},{"@type":"BreadcrumbList","@id":"https:\/\/www.decolor.com\/ru\/compromiso-con-la-proteccion-de-datos-personales\/#breadcrumb","itemListElement":[{"@type":"ListItem","position":1,"name":"Home","item":"https:\/\/www.decolor.com\/"},{"@type":"ListItem","position":2,"name":"Compromiso con la protecci\u00f3n de datos personales"}]},{"@type":"WebSite","@id":"https:\/\/www.decolor.com\/it\/#website","url":"https:\/\/www.decolor.com\/it\/","name":"Farbe","description":"Web-Entf\u00e4rbung","publisher":{"@id":"https:\/\/www.decolor.com\/it\/#organization"},"potentialAction":[{"@type":"SearchAction","target":{"@type":"EntryPoint","urlTemplate":"https:\/\/www.decolor.com\/it\/?s={search_term_string}"},"query-input":{"@type":"PropertyValueSpecification","valueRequired":true,"valueName":"search_term_string"}}],"inLanguage":"de"},{"@type":"Organization","@id":"https:\/\/www.decolor.com\/it\/#organization","name":"Farbe","url":"https:\/\/www.decolor.com\/it\/","logo":{"@type":"ImageObject","inLanguage":"de","@id":"https:\/\/www.decolor.com\/it\/#\/schema\/logo\/image\/","url":"https:\/\/www.decolor.com\/wp-content\/uploads\/2021\/02\/marca_principal_pinturas_decolor_color.png","contentUrl":"https:\/\/www.decolor.com\/wp-content\/uploads\/2021\/02\/marca_principal_pinturas_decolor_color.png","width":1588,"height":421,"caption":"Decolor"},"image":{"@id":"https:\/\/www.decolor.com\/it\/#\/schema\/logo\/image\/"}}]}},"_links":{"self":[{"href":"https:\/\/www.decolor.com\/de\/wp-json\/wp\/v2\/pages\/142765"}],"collection":[{"href":"https:\/\/www.decolor.com\/de\/wp-json\/wp\/v2\/pages"}],"about":[{"href":"https:\/\/www.decolor.com\/de\/wp-json\/wp\/v2\/types\/page"}],"author":[{"embeddable":true,"href":"https:\/\/www.decolor.com\/de\/wp-json\/wp\/v2\/users\/1"}],"replies":[{"embeddable":true,"href":"https:\/\/www.decolor.com\/de\/wp-json\/wp\/v2\/comments?post=142765"}],"version-history":[{"count":0,"href":"https:\/\/www.decolor.com\/de\/wp-json\/wp\/v2\/pages\/142765\/revisions"}],"wp:attachment":[{"href":"https:\/\/www.decolor.com\/de\/wp-json\/wp\/v2\/media?parent=142765"}],"curies":[{"name":"wp","href":"https:\/\/api.w.org\/{rel}","templated":true}]}}