{"id":4638,"date":"2021-03-17T16:15:34","date_gmt":"2021-03-17T16:15:34","guid":{"rendered":"https:\/\/desarrollo5.capazita.com\/?page_id=4638"},"modified":"2023-12-19T18:02:12","modified_gmt":"2023-12-19T18:02:12","slug":"politica-privacidad","status":"publish","type":"page","link":"https:\/\/www.decolor.com\/de\/politica-privacidad\/","title":{"rendered":"Datenschutz-Bestimmungen"},"content":{"rendered":"<div data-elementor-type=\"wp-page\" data-elementor-id=\"4638\" class=\"elementor elementor-4638\" data-elementor-post-type=\"page\">\n\t\t\t\t\t\t<section data-particle_enable=\"false\" data-particle-mobile-disabled=\"false\" class=\"elementor-section elementor-top-section elementor-element elementor-element-525ac15 elementor-section-boxed elementor-section-height-default elementor-section-height-default\" data-id=\"525ac15\" data-element_type=\"section\">\n\t\t\t\t\t\t\t<div class=\"elementor-background-overlay\"><\/div>\n\t\t\t\t\t\t\t<div class=\"elementor-container elementor-column-gap-default\">\n\t\t\t\t\t<div class=\"elementor-column elementor-col-100 elementor-top-column elementor-element elementor-element-6d7f690\" data-id=\"6d7f690\" data-element_type=\"column\">\n\t\t\t<div class=\"elementor-widget-wrap elementor-element-populated\">\n\t\t\t\t\t\t<div class=\"elementor-element elementor-element-9d723b4 elementor-widget elementor-widget-heading\" data-id=\"9d723b4\" data-element_type=\"widget\" data-widget_type=\"heading.default\">\n\t\t\t\t<div class=\"elementor-widget-container\">\n\t\t\t<h2 class=\"elementor-heading-title elementor-size-default\">DATENSCHUTZ-BESTIMMUNGEN<\/h2>\t\t<\/div>\n\t\t\t\t<\/div>\n\t\t\t\t\t<\/div>\n\t\t<\/div>\n\t\t\t\t\t<\/div>\n\t\t<\/section>\n\t\t\t\t<section data-particle_enable=\"false\" data-particle-mobile-disabled=\"false\" class=\"elementor-section elementor-top-section elementor-element elementor-element-ef710dc txt-content elementor-section-boxed elementor-section-height-default elementor-section-height-default\" data-id=\"ef710dc\" data-element_type=\"section\">\n\t\t\t\t\t\t<div class=\"elementor-container elementor-column-gap-default\">\n\t\t\t\t\t<div class=\"elementor-column elementor-col-100 elementor-top-column elementor-element elementor-element-e0e3317\" data-id=\"e0e3317\" data-element_type=\"column\">\n\t\t\t<div class=\"elementor-widget-wrap elementor-element-populated\">\n\t\t\t\t\t\t<div class=\"elementor-element elementor-element-bc8b546 elementor-widget elementor-widget-heading\" data-id=\"bc8b546\" data-element_type=\"widget\" data-widget_type=\"heading.default\">\n\t\t\t\t<div class=\"elementor-widget-container\">\n\t\t\t<h2 class=\"elementor-heading-title elementor-size-large\">DATENSCHUTZRICHTLINIE \u201eIHRE SICHERE DATEN\u201c<\/h2>\t\t<\/div>\n\t\t\t\t<\/div>\n\t\t\t\t<div class=\"elementor-element elementor-element-504ae53 elementor-widget elementor-widget-text-editor\" data-id=\"504ae53\" data-element_type=\"widget\" data-widget_type=\"text-editor.default\">\n\t\t\t\t<div class=\"elementor-widget-container\">\n\t\t\t\t\t\t\t<p>In Europa und Spanien gibt es Datenschutzbestimmungen zum Schutz Ihrer pers\u00f6nlichen Daten, die f\u00fcr unser Unternehmen verbindlich sind.<\/p><p>Daher ist es f\u00fcr uns sehr wichtig, dass Sie vollst\u00e4ndig verstehen, was wir mit den von uns abgefragten personenbezogenen Daten tun.<\/p><p><span style=\"font-family: var( --e-global-typography-text-font-family ), Sans-serif; font-weight: var( --e-global-typography-text-font-weight ); color: var( --e-global-color-text ); font-size: var(--global--font-size-base);\">Auf diese Weise sind wir transparent und geben Ihnen die Kontrolle \u00fcber Ihre Daten, mit einfacher Sprache und klaren Optionen, die es Ihnen erm\u00f6glichen, zu entscheiden, was wir mit Ihren pers\u00f6nlichen Daten tun.<\/span><\/p><p>Wenn Sie nach dem Lesen dieser Informationen Fragen haben, z\u00f6gern Sie bitte nicht, uns diese zu stellen.<\/p><p>Vielen Dank f\u00fcr Ihre Hilfe.<\/p>\t\t\t\t\t\t<\/div>\n\t\t\t\t<\/div>\n\t\t\t\t<div class=\"elementor-element elementor-element-98e0a38 elementor-widget elementor-widget-accordion\" data-id=\"98e0a38\" data-element_type=\"widget\" data-widget_type=\"accordion.default\">\n\t\t\t\t<div class=\"elementor-widget-container\">\n\t\t\t\t\t<div class=\"elementor-accordion\">\n\t\t\t\t\t\t\t<div class=\"elementor-accordion-item\">\n\t\t\t\t\t<div id=\"elementor-tab-title-1601\" class=\"elementor-tab-title\" data-tab=\"1\" role=\"button\" aria-controls=\"elementor-tab-content-1601\" aria-expanded=\"false\">\n\t\t\t\t\t\t\t\t\t\t\t\t\t<span class=\"elementor-accordion-icon elementor-accordion-icon-left\" aria-hidden=\"true\">\n\t\t\t\t\t\t\t\t\t\t\t\t\t\t\t<span class=\"elementor-accordion-icon-closed\"><i class=\"fas fa-plus\"><\/i><\/span>\n\t\t\t\t\t\t\t\t<span class=\"elementor-accordion-icon-opened\"><i class=\"fas fa-minus\"><\/i><\/span>\n\t\t\t\t\t\t\t\t\t\t\t\t\t\t<\/span>\n\t\t\t\t\t\t\t\t\t\t\t\t<a class=\"elementor-accordion-title\" tabindex=\"0\">1. Wer sind wir?<\/a>\n\t\t\t\t\t<\/div>\n\t\t\t\t\t<div id=\"elementor-tab-content-1601\" class=\"elementor-tab-content elementor-clearfix\" data-tab=\"1\" role=\"region\" aria-labelledby=\"elementor-tab-title-1601\"><p>Unser Name: <strong>PINTURAS DECOLOR, SL<\/strong><\/p><p>Unser CIF\/NIF: <strong>B02021459<\/strong><\/p><p>Unsere Hauptt\u00e4tigkeit: <strong>HERSTELLUNG VON FARBEN, BESCHICHTUNGEN, LACKEN UND SPEZIALBEHANDLUNGEN IN DEKORATION, BAU, HOLZ UND METALL<\/strong><\/p><p>Unsere Adresse:<strong> PG INDUSTRIAL EL SALVADOR, 3\u00ba AVENUE, Park 4 und 5, CP 02630, La Roda (Albacete)<\/strong><\/p><p>Unsere Kontakttelefonnummer: <strong>967441714<\/strong><\/p><p>Unsere Kontakt-E-Mail-Adresse: <strong><a href=\"mailto:decolor@decolor.com\">decolor@decolor.com<\/a><\/strong><\/p><p>Unsere Internetseite: <strong>www.decolor.com<\/strong><\/p><p>Zu Ihrem Vertrauen und Ihrer Sicherheit teilen wir Ihnen mit, dass wir ein im folgenden Handelsregister von Albacete eingetragenes Unternehmen sind: Blatt AB-1827, Blatt 21, Band 785, Buch 549, Abschnitt 8, Eintrag 11<\/p><p>Wir stehen Ihnen gerne zur Verf\u00fcgung, z\u00f6gern Sie nicht, uns zu kontaktieren.<\/p><\/div>\n\t\t\t\t<\/div>\n\t\t\t\t\t\t\t<div class=\"elementor-accordion-item\">\n\t\t\t\t\t<div id=\"elementor-tab-title-1602\" class=\"elementor-tab-title\" data-tab=\"2\" role=\"button\" aria-controls=\"elementor-tab-content-1602\" aria-expanded=\"false\">\n\t\t\t\t\t\t\t\t\t\t\t\t\t<span class=\"elementor-accordion-icon elementor-accordion-icon-left\" aria-hidden=\"true\">\n\t\t\t\t\t\t\t\t\t\t\t\t\t\t\t<span class=\"elementor-accordion-icon-closed\"><i class=\"fas fa-plus\"><\/i><\/span>\n\t\t\t\t\t\t\t\t<span class=\"elementor-accordion-icon-opened\"><i class=\"fas fa-minus\"><\/i><\/span>\n\t\t\t\t\t\t\t\t\t\t\t\t\t\t<\/span>\n\t\t\t\t\t\t\t\t\t\t\t\t<a class=\"elementor-accordion-title\" tabindex=\"0\">2. Wof\u00fcr werden wir Ihre Daten verwenden?<\/a>\n\t\t\t\t\t<\/div>\n\t\t\t\t\t<div id=\"elementor-tab-content-1602\" class=\"elementor-tab-content elementor-clearfix\" data-tab=\"2\" role=\"region\" aria-labelledby=\"elementor-tab-title-1602\"><p>Im Allgemeinen werden Ihre personenbezogenen Daten dazu verwendet, mit Ihnen in Kontakt zu treten und Ihnen unsere Leistungen anbieten zu k\u00f6nnen.<\/p><p>Ebenso k\u00f6nnen sie auch f\u00fcr andere Aktivit\u00e4ten genutzt werden, etwa um Ihnen Werbung zuzusenden oder unsere Aktivit\u00e4ten zu bewerben.<\/p><\/div>\n\t\t\t\t<\/div>\n\t\t\t\t\t\t\t<div class=\"elementor-accordion-item\">\n\t\t\t\t\t<div id=\"elementor-tab-title-1603\" class=\"elementor-tab-title\" data-tab=\"3\" role=\"button\" aria-controls=\"elementor-tab-content-1603\" aria-expanded=\"false\">\n\t\t\t\t\t\t\t\t\t\t\t\t\t<span class=\"elementor-accordion-icon elementor-accordion-icon-left\" aria-hidden=\"true\">\n\t\t\t\t\t\t\t\t\t\t\t\t\t\t\t<span class=\"elementor-accordion-icon-closed\"><i class=\"fas fa-plus\"><\/i><\/span>\n\t\t\t\t\t\t\t\t<span class=\"elementor-accordion-icon-opened\"><i class=\"fas fa-minus\"><\/i><\/span>\n\t\t\t\t\t\t\t\t\t\t\t\t\t\t<\/span>\n\t\t\t\t\t\t\t\t\t\t\t\t<a class=\"elementor-accordion-title\" tabindex=\"0\">3. Warum m\u00fcssen wir Ihre Daten verwenden?<\/a>\n\t\t\t\t\t<\/div>\n\t\t\t\t\t<div id=\"elementor-tab-content-1603\" class=\"elementor-tab-content elementor-clearfix\" data-tab=\"3\" role=\"region\" aria-labelledby=\"elementor-tab-title-1603\"><p>Ihre personenbezogenen Daten sind erforderlich, um mit Ihnen interagieren und Ihnen unsere Dienste anbieten zu k\u00f6nnen. In diesem Sinne stellen wir Ihnen eine Reihe von Feldern zur Verf\u00fcgung, die es Ihnen erm\u00f6glichen, auf klare und einfache Weise \u00fcber die Verwendung Ihrer pers\u00f6nlichen Daten zu entscheiden.<\/p><\/div>\n\t\t\t\t<\/div>\n\t\t\t\t\t\t\t<div class=\"elementor-accordion-item\">\n\t\t\t\t\t<div id=\"elementor-tab-title-1604\" class=\"elementor-tab-title\" data-tab=\"4\" role=\"button\" aria-controls=\"elementor-tab-content-1604\" aria-expanded=\"false\">\n\t\t\t\t\t\t\t\t\t\t\t\t\t<span class=\"elementor-accordion-icon elementor-accordion-icon-left\" aria-hidden=\"true\">\n\t\t\t\t\t\t\t\t\t\t\t\t\t\t\t<span class=\"elementor-accordion-icon-closed\"><i class=\"fas fa-plus\"><\/i><\/span>\n\t\t\t\t\t\t\t\t<span class=\"elementor-accordion-icon-opened\"><i class=\"fas fa-minus\"><\/i><\/span>\n\t\t\t\t\t\t\t\t\t\t\t\t\t\t<\/span>\n\t\t\t\t\t\t\t\t\t\t\t\t<a class=\"elementor-accordion-title\" tabindex=\"0\">4. Wer wird die von uns angeforderten Informationen erfahren?<\/a>\n\t\t\t\t\t<\/div>\n\t\t\t\t\t<div id=\"elementor-tab-content-1604\" class=\"elementor-tab-content elementor-clearfix\" data-tab=\"4\" role=\"region\" aria-labelledby=\"elementor-tab-title-1604\"><p>Im Allgemeinen d\u00fcrfen nur ordnungsgem\u00e4\u00df autorisierte Mitarbeiter unseres Unternehmens Kenntnis von den von uns angeforderten Informationen haben.<\/p><p>Ebenso k\u00f6nnen diejenigen Unternehmen Kenntnis von Ihren personenbezogenen Daten haben, die Zugriff darauf ben\u00f6tigen, damit wir unsere Dienstleistungen erbringen k\u00f6nnen. Beispielsweise erh\u00e4lt unsere Bank Kenntnis von Ihren Daten, wenn die Bezahlung unserer Leistungen per Karte oder Bank\u00fcberweisung erfolgt.<\/p><p>Ebenso haben diejenigen \u00f6ffentlichen oder privaten Stellen Kenntnis von Ihren Daten, denen wir aufgrund gesetzlicher Vorschriften Ihre personenbezogenen Daten zur Verf\u00fcgung stellen m\u00fcssen. Um Ihnen ein Beispiel zu nennen: Das Steuergesetz verlangt, dass der Steuerbeh\u00f6rde bestimmte Informationen \u00fcber wirtschaftliche Vorg\u00e4nge bereitgestellt werden, die einen bestimmten Betrag \u00fcberschreiten.<\/p><p>F\u00fcr den Fall, dass wir, abgesehen von den oben genannten Annahmen, Ihre personenbezogenen Daten an andere Unternehmen weitergeben m\u00fcssen, werden wir zuvor Ihre Zustimmung durch klare Optionen einholen, die es Ihnen erm\u00f6glichen, diesbez\u00fcglich zu entscheiden.<\/p><\/div>\n\t\t\t\t<\/div>\n\t\t\t\t\t\t\t<div class=\"elementor-accordion-item\">\n\t\t\t\t\t<div id=\"elementor-tab-title-1605\" class=\"elementor-tab-title\" data-tab=\"5\" role=\"button\" aria-controls=\"elementor-tab-content-1605\" aria-expanded=\"false\">\n\t\t\t\t\t\t\t\t\t\t\t\t\t<span class=\"elementor-accordion-icon elementor-accordion-icon-left\" aria-hidden=\"true\">\n\t\t\t\t\t\t\t\t\t\t\t\t\t\t\t<span class=\"elementor-accordion-icon-closed\"><i class=\"fas fa-plus\"><\/i><\/span>\n\t\t\t\t\t\t\t\t<span class=\"elementor-accordion-icon-opened\"><i class=\"fas fa-minus\"><\/i><\/span>\n\t\t\t\t\t\t\t\t\t\t\t\t\t\t<\/span>\n\t\t\t\t\t\t\t\t\t\t\t\t<a class=\"elementor-accordion-title\" tabindex=\"0\">5. Wie sch\u00fctzen wir Ihre Daten?<\/a>\n\t\t\t\t\t<\/div>\n\t\t\t\t\t<div id=\"elementor-tab-content-1605\" class=\"elementor-tab-content elementor-clearfix\" data-tab=\"5\" role=\"region\" aria-labelledby=\"elementor-tab-title-1605\"><p>Wir werden Ihre Daten mit wirksamen Sicherheitsma\u00dfnahmen sch\u00fctzen, die auf den Risiken basieren, die mit der Verwendung Ihrer Daten verbunden sind.<\/p><p>Zu diesem Zweck hat unser Unternehmen eine Datenschutzrichtlinie verabschiedet und es werden j\u00e4hrliche Kontrollen und Pr\u00fcfungen durchgef\u00fchrt, um sicherzustellen, dass Ihre personenbezogenen Daten jederzeit sicher sind.<\/p><\/div>\n\t\t\t\t<\/div>\n\t\t\t\t\t\t\t<div class=\"elementor-accordion-item\">\n\t\t\t\t\t<div id=\"elementor-tab-title-1606\" class=\"elementor-tab-title\" data-tab=\"6\" role=\"button\" aria-controls=\"elementor-tab-content-1606\" aria-expanded=\"false\">\n\t\t\t\t\t\t\t\t\t\t\t\t\t<span class=\"elementor-accordion-icon elementor-accordion-icon-left\" aria-hidden=\"true\">\n\t\t\t\t\t\t\t\t\t\t\t\t\t\t\t<span class=\"elementor-accordion-icon-closed\"><i class=\"fas fa-plus\"><\/i><\/span>\n\t\t\t\t\t\t\t\t<span class=\"elementor-accordion-icon-opened\"><i class=\"fas fa-minus\"><\/i><\/span>\n\t\t\t\t\t\t\t\t\t\t\t\t\t\t<\/span>\n\t\t\t\t\t\t\t\t\t\t\t\t<a class=\"elementor-accordion-title\" tabindex=\"0\">6. Werden wir Ihre Daten in andere L\u00e4nder \u00fcbermitteln?<\/a>\n\t\t\t\t\t<\/div>\n\t\t\t\t\t<div id=\"elementor-tab-content-1606\" class=\"elementor-tab-content elementor-clearfix\" data-tab=\"6\" role=\"region\" aria-labelledby=\"elementor-tab-title-1606\"><p>Auf der Welt gibt es L\u00e4nder, die f\u00fcr ihre Daten sicher sind, und andere, die nicht so sicher sind. Beispielsweise ist die Europ\u00e4ische Union eine sichere Umgebung f\u00fcr Ihre Daten. Unser Grundsatz besteht darin, Ihre personenbezogenen Daten nicht in ein Land zu \u00fcbermitteln, das aus datenschutzrechtlicher Sicht nicht sicher ist.<\/p><p>F\u00fcr den Fall, dass es f\u00fcr die Bereitstellung des Dienstes unerl\u00e4sslich ist, Ihre Daten in ein Land zu senden, das nicht so sicher ist wie Spanien, werden wir immer im Voraus Ihre Zustimmung einholen und wirksame Sicherheitsma\u00dfnahmen anwenden, die die Risiken verringern Senden Ihrer Informationen. Personal in ein anderes Land.<\/p><\/div>\n\t\t\t\t<\/div>\n\t\t\t\t\t\t\t<div class=\"elementor-accordion-item\">\n\t\t\t\t\t<div id=\"elementor-tab-title-1607\" class=\"elementor-tab-title\" data-tab=\"7\" role=\"button\" aria-controls=\"elementor-tab-content-1607\" aria-expanded=\"false\">\n\t\t\t\t\t\t\t\t\t\t\t\t\t<span class=\"elementor-accordion-icon elementor-accordion-icon-left\" aria-hidden=\"true\">\n\t\t\t\t\t\t\t\t\t\t\t\t\t\t\t<span class=\"elementor-accordion-icon-closed\"><i class=\"fas fa-plus\"><\/i><\/span>\n\t\t\t\t\t\t\t\t<span class=\"elementor-accordion-icon-opened\"><i class=\"fas fa-minus\"><\/i><\/span>\n\t\t\t\t\t\t\t\t\t\t\t\t\t\t<\/span>\n\t\t\t\t\t\t\t\t\t\t\t\t<a class=\"elementor-accordion-title\" tabindex=\"0\">7. Wie lange werden wir Ihre Daten aufbewahren?<\/a>\n\t\t\t\t\t<\/div>\n\t\t\t\t\t<div id=\"elementor-tab-content-1607\" class=\"elementor-tab-content elementor-clearfix\" data-tab=\"7\" role=\"region\" aria-labelledby=\"elementor-tab-title-1607\"><p>Wir bewahren Ihre Daten f\u00fcr die Dauer unserer Beziehung und so lange auf, wie wir gesetzlich dazu verpflichtet sind. Nach Ablauf der geltenden gesetzlichen Fristen werden wir diese auf sichere und umweltfreundliche Weise entsorgen.<\/p><\/div>\n\t\t\t\t<\/div>\n\t\t\t\t\t\t\t<div class=\"elementor-accordion-item\">\n\t\t\t\t\t<div id=\"elementor-tab-title-1608\" class=\"elementor-tab-title\" data-tab=\"8\" role=\"button\" aria-controls=\"elementor-tab-content-1608\" aria-expanded=\"false\">\n\t\t\t\t\t\t\t\t\t\t\t\t\t<span class=\"elementor-accordion-icon elementor-accordion-icon-left\" aria-hidden=\"true\">\n\t\t\t\t\t\t\t\t\t\t\t\t\t\t\t<span class=\"elementor-accordion-icon-closed\"><i class=\"fas fa-plus\"><\/i><\/span>\n\t\t\t\t\t\t\t\t<span class=\"elementor-accordion-icon-opened\"><i class=\"fas fa-minus\"><\/i><\/span>\n\t\t\t\t\t\t\t\t\t\t\t\t\t\t<\/span>\n\t\t\t\t\t\t\t\t\t\t\t\t<a class=\"elementor-accordion-title\" tabindex=\"0\">8. Welche Datenschutzrechte haben Sie?<\/a>\n\t\t\t\t\t<\/div>\n\t\t\t\t\t<div id=\"elementor-tab-content-1608\" class=\"elementor-tab-content elementor-clearfix\" data-tab=\"8\" role=\"region\" aria-labelledby=\"elementor-tab-title-1608\"><p>Sie k\u00f6nnen uns jederzeit kontaktieren, um herauszufinden, welche Informationen wir \u00fcber Sie haben, sie zu berichtigen, wenn sie falsch sind, und sie nach Beendigung unserer Beziehung zu l\u00f6schen, sofern dies rechtlich m\u00f6glich ist.<\/p><p>Sie haben au\u00dferdem das Recht, die \u00dcbermittlung Ihrer Daten an ein anderes Unternehmen zu verlangen. Dieses Recht wird \u201ePortabilit\u00e4t\u201c genannt und kann in bestimmten Situationen n\u00fctzlich sein.<\/p><p>Um eines dieser Rechte in Anspruch zu nehmen, m\u00fcssen Sie eine schriftliche Anfrage an unsere Adresse richten und eine Fotokopie Ihres Personalausweises beif\u00fcgen, um Ihre Identit\u00e4t identifizieren zu k\u00f6nnen.<\/p><p>In den B\u00fcros unseres Unternehmens verf\u00fcgen wir \u00fcber spezielle Formulare zur Beantragung dieser Rechte und bieten unsere Hilfe bei deren Ausf\u00fcllung an.<\/p><p>Um mehr \u00fcber Ihre Datenschutzrechte zu erfahren, k\u00f6nnen Sie die Website der spanischen Datenschutzbeh\u00f6rde (www.aepd.es) konsultieren.<\/p><\/div>\n\t\t\t\t<\/div>\n\t\t\t\t\t\t\t<div class=\"elementor-accordion-item\">\n\t\t\t\t\t<div id=\"elementor-tab-title-1609\" class=\"elementor-tab-title\" data-tab=\"9\" role=\"button\" aria-controls=\"elementor-tab-content-1609\" aria-expanded=\"false\">\n\t\t\t\t\t\t\t\t\t\t\t\t\t<span class=\"elementor-accordion-icon elementor-accordion-icon-left\" aria-hidden=\"true\">\n\t\t\t\t\t\t\t\t\t\t\t\t\t\t\t<span class=\"elementor-accordion-icon-closed\"><i class=\"fas fa-plus\"><\/i><\/span>\n\t\t\t\t\t\t\t\t<span class=\"elementor-accordion-icon-opened\"><i class=\"fas fa-minus\"><\/i><\/span>\n\t\t\t\t\t\t\t\t\t\t\t\t\t\t<\/span>\n\t\t\t\t\t\t\t\t\t\t\t\t<a class=\"elementor-accordion-title\" tabindex=\"0\">9. K\u00f6nnen Sie Ihre Einwilligung widerrufen, wenn Sie Ihre Meinung zu einem sp\u00e4teren Zeitpunkt \u00e4ndern?<\/a>\n\t\t\t\t\t<\/div>\n\t\t\t\t\t<div id=\"elementor-tab-content-1609\" class=\"elementor-tab-content elementor-clearfix\" data-tab=\"9\" role=\"region\" aria-labelledby=\"elementor-tab-title-1609\"><p>Sie k\u00f6nnen Ihre Einwilligung jederzeit widerrufen, wenn Sie Ihre Meinung \u00fcber die Verwendung Ihrer Daten \u00e4ndern. <br \/>Wenn Sie beispielsweise einmal daran interessiert waren, Werbung f\u00fcr unsere Produkte oder Dienstleistungen zu erhalten, aber keine weitere Werbung mehr erhalten m\u00f6chten, k\u00f6nnen Sie uns dies mitteilen, indem Sie das Widerspruchsformular verwenden, das in den B\u00fcros unseres Unternehmens erh\u00e4ltlich ist.<\/p><\/div>\n\t\t\t\t<\/div>\n\t\t\t\t\t\t\t<div class=\"elementor-accordion-item\">\n\t\t\t\t\t<div id=\"elementor-tab-title-16010\" class=\"elementor-tab-title\" data-tab=\"10\" role=\"button\" aria-controls=\"elementor-tab-content-16010\" aria-expanded=\"false\">\n\t\t\t\t\t\t\t\t\t\t\t\t\t<span class=\"elementor-accordion-icon elementor-accordion-icon-left\" aria-hidden=\"true\">\n\t\t\t\t\t\t\t\t\t\t\t\t\t\t\t<span class=\"elementor-accordion-icon-closed\"><i class=\"fas fa-plus\"><\/i><\/span>\n\t\t\t\t\t\t\t\t<span class=\"elementor-accordion-icon-opened\"><i class=\"fas fa-minus\"><\/i><\/span>\n\t\t\t\t\t\t\t\t\t\t\t\t\t\t<\/span>\n\t\t\t\t\t\t\t\t\t\t\t\t<a class=\"elementor-accordion-title\" tabindex=\"0\">10. Wenn Sie glauben, dass Ihre Rechte missachtet wurden, wo k\u00f6nnen Sie eine Beschwerde einreichen?<\/a>\n\t\t\t\t\t<\/div>\n\t\t\t\t\t<div id=\"elementor-tab-content-16010\" class=\"elementor-tab-content elementor-clearfix\" data-tab=\"10\" role=\"region\" aria-labelledby=\"elementor-tab-title-16010\"><p>Wenn Sie feststellen, dass Ihre Rechte von unserem Unternehmen verletzt wurden, k\u00f6nnen Sie bei der spanischen Datenschutzbeh\u00f6rde auf eine der folgenden Weisen eine Klage einreichen:<\/p><ul><li>Elektronisches B\u00fcro: <a href=\"http:\/\/www.agpd.es\" target=\"_blank\" rel=\"noopener\">www.agpd.es<\/a><\/li><li>Anschrift:<br \/>Spanische Datenschutzbeh\u00f6rde<br \/>C\/ Jorge Juan, 6<br \/>28001-Madrid<\/li><li>Per Telefon:<br \/>Tel. 901 100 099<br \/>Tel. 91 266 35 17<\/li><\/ul><p>Die Einreichung einer Klage bei der spanischen Datenschutzbeh\u00f6rde ist mit keinen Kosten verbunden und die Unterst\u00fctzung eines Anwalts oder Anwalts ist nicht erforderlich. <\/p><\/div>\n\t\t\t\t<\/div>\n\t\t\t\t\t\t\t<div class=\"elementor-accordion-item\">\n\t\t\t\t\t<div id=\"elementor-tab-title-16011\" class=\"elementor-tab-title\" data-tab=\"11\" role=\"button\" aria-controls=\"elementor-tab-content-16011\" aria-expanded=\"false\">\n\t\t\t\t\t\t\t\t\t\t\t\t\t<span class=\"elementor-accordion-icon elementor-accordion-icon-left\" aria-hidden=\"true\">\n\t\t\t\t\t\t\t\t\t\t\t\t\t\t\t<span class=\"elementor-accordion-icon-closed\"><i class=\"fas fa-plus\"><\/i><\/span>\n\t\t\t\t\t\t\t\t<span class=\"elementor-accordion-icon-opened\"><i class=\"fas fa-minus\"><\/i><\/span>\n\t\t\t\t\t\t\t\t\t\t\t\t\t\t<\/span>\n\t\t\t\t\t\t\t\t\t\t\t\t<a class=\"elementor-accordion-title\" tabindex=\"0\">11. Werden wir Sie profilieren?<\/a>\n\t\t\t\t\t<\/div>\n\t\t\t\t\t<div id=\"elementor-tab-content-16011\" class=\"elementor-tab-content elementor-clearfix\" data-tab=\"11\" role=\"region\" aria-labelledby=\"elementor-tab-title-16011\"><p>Unsere Richtlinie besteht darin, keine Profile \u00fcber die Nutzer unserer Dienste zu erstellen.<\/p><p>Es kann jedoch Situationen geben, in denen wir zur Erbringung von Dienstleistungen, zu kommerziellen oder anderen Zwecken Profilinformationen \u00fcber Sie ben\u00f6tigen. Ein Beispiel k\u00f6nnte die Nutzung Ihrer Kauf- oder Servicehistorie sein, um Ihnen Produkte oder Dienstleistungen anbieten zu k\u00f6nnen, die an Ihren Geschmack oder Ihre Bed\u00fcrfnisse angepasst sind.<\/p><p>In diesem Fall werden wir wirksame Sicherheitsma\u00dfnahmen ergreifen, die Ihre Daten jederzeit vor unbefugten Personen sch\u00fctzen, die diese zu ihrem eigenen Vorteil nutzen wollen.<\/p><\/div>\n\t\t\t\t<\/div>\n\t\t\t\t\t\t\t<div class=\"elementor-accordion-item\">\n\t\t\t\t\t<div id=\"elementor-tab-title-16012\" class=\"elementor-tab-title\" data-tab=\"12\" role=\"button\" aria-controls=\"elementor-tab-content-16012\" aria-expanded=\"false\">\n\t\t\t\t\t\t\t\t\t\t\t\t\t<span class=\"elementor-accordion-icon elementor-accordion-icon-left\" aria-hidden=\"true\">\n\t\t\t\t\t\t\t\t\t\t\t\t\t\t\t<span class=\"elementor-accordion-icon-closed\"><i class=\"fas fa-plus\"><\/i><\/span>\n\t\t\t\t\t\t\t\t<span class=\"elementor-accordion-icon-opened\"><i class=\"fas fa-minus\"><\/i><\/span>\n\t\t\t\t\t\t\t\t\t\t\t\t\t\t<\/span>\n\t\t\t\t\t\t\t\t\t\t\t\t<a class=\"elementor-accordion-title\" tabindex=\"0\">12. Werden wir Ihre Daten f\u00fcr andere Zwecke verwenden?<\/a>\n\t\t\t\t\t<\/div>\n\t\t\t\t\t<div id=\"elementor-tab-content-16012\" class=\"elementor-tab-content elementor-clearfix\" data-tab=\"12\" role=\"region\" aria-labelledby=\"elementor-tab-title-16012\"><p>Es ist unsere Politik, Ihre Daten nicht f\u00fcr andere Zwecke als die, die wir Ihnen erkl\u00e4rt haben, zu verwenden. Wenn wir Ihre Daten jedoch f\u00fcr andere Zwecke verwenden m\u00fcssen, werden wir Sie immer im Voraus um Ihre Zustimmung bitten, indem wir Ihnen klare Optionen zur Verf\u00fcgung stellen, die Ihnen die diesbez\u00fcgliche Entscheidung erm\u00f6glichen.<\/p><\/div>\n\t\t\t\t<\/div>\n\t\t\t\t\t\t\t\t<\/div>\n\t\t\t\t<\/div>\n\t\t\t\t<\/div>\n\t\t\t\t\t<\/div>\n\t\t<\/div>\n\t\t\t\t\t<\/div>\n\t\t<\/section>\n\t\t\t\t<\/div>","protected":false},"excerpt":{"rendered":"<p>DATENSCHUTZERKL\u00c4RUNG DATENSCHUTZERKL\u00c4RUNG \u201eIHRE DATEN SIND SICHER\u201c In Europa und Spanien gibt es Datenschutzbestimmungen zum Schutz Ihrer pers\u00f6nlichen Daten, die unser Unternehmen einhalten muss. Aus diesem Grund ist es f\u00fcr uns sehr wichtig, dass Sie genau verstehen, was wir mit den personenbezogenen Daten machen, die wir von Ihnen erfragen. Also werden wir \u2026 <a class=\"more-link\" href=\"https:\/\/www.decolor.com\/de\/politica-privacidad\/\"><span class=\"screen-reader-text\">Datenschutz-Bestimmungen<\/span> weitersen<\/a><\/p>","protected":false},"author":1,"featured_media":0,"parent":0,"menu_order":0,"comment_status":"closed","ping_status":"closed","template":"elementor_header_footer","meta":{"_acf_changed":false,"footnotes":""},"class_list":["post-4638","page","type-page","status-publish","hentry","entry"],"acf":[],"yoast_head":"<!-- This site is optimized with the Yoast SEO plugin v23.4 - https:\/\/yoast.com\/wordpress\/plugins\/seo\/ -->\n<title>Pol\u00edtica de privacidad - Decolor<\/title>\n<meta name=\"robots\" content=\"index, follow, max-snippet:-1, max-image-preview:large, max-video-preview:-1\" \/>\n<link rel=\"canonical\" href=\"https:\/\/www.decolor.com\/de\/politica-privacidad\/\" \/>\n<meta property=\"og:locale\" content=\"de_DE\" \/>\n<meta property=\"og:type\" content=\"article\" \/>\n<meta property=\"og:title\" content=\"Pol\u00edtica de privacidad - Decolor\" \/>\n<meta property=\"og:description\" content=\"POL\u00cdTICA DE PRIVACIDAD POL\u00cdTICA DE PRIVACIDAD \u201cSUS DATOS SEGUROS\u201d En Europa y en Espa\u00f1a existen normas de protecci\u00f3n de datos pensadas para proteger su informaci\u00f3n personal de obligado cumplimiento para nuestra entidad. Por ello, es muy importante para nosotros que entienda perfectamente qu\u00e9 vamos a hacer con los datos personales que le pedimos. As\u00ed, seremos&hellip; Pol\u00edtica de privacidad weiterlesen\" \/>\n<meta property=\"og:url\" content=\"https:\/\/www.decolor.com\/de\/politica-privacidad\/\" \/>\n<meta property=\"og:site_name\" content=\"Decolor\" \/>\n<meta property=\"article:modified_time\" content=\"2023-12-19T18:02:12+00:00\" \/>\n<meta name=\"twitter:card\" content=\"summary_large_image\" \/>\n<meta name=\"twitter:label1\" content=\"Gesch\u00e4tzte Lesezeit\" \/>\n\t<meta name=\"twitter:data1\" content=\"6\u00a0Minuten\" \/>\n<script type=\"application\/ld+json\" class=\"yoast-schema-graph\">{\"@context\":\"https:\/\/schema.org\",\"@graph\":[{\"@type\":\"WebPage\",\"@id\":\"https:\/\/www.decolor.com\/es\/politica-privacidad\/\",\"url\":\"https:\/\/www.decolor.com\/es\/politica-privacidad\/\",\"name\":\"Pol\u00edtica de privacidad - Decolor\",\"isPartOf\":{\"@id\":\"https:\/\/www.decolor.com\/it\/#website\"},\"datePublished\":\"2021-03-17T16:15:34+00:00\",\"dateModified\":\"2023-12-19T18:02:12+00:00\",\"breadcrumb\":{\"@id\":\"https:\/\/www.decolor.com\/es\/politica-privacidad\/#breadcrumb\"},\"inLanguage\":\"de\",\"potentialAction\":[{\"@type\":\"ReadAction\",\"target\":[\"https:\/\/www.decolor.com\/es\/politica-privacidad\/\"]}]},{\"@type\":\"BreadcrumbList\",\"@id\":\"https:\/\/www.decolor.com\/es\/politica-privacidad\/#breadcrumb\",\"itemListElement\":[{\"@type\":\"ListItem\",\"position\":1,\"name\":\"Home\",\"item\":\"https:\/\/www.decolor.com\/\"},{\"@type\":\"ListItem\",\"position\":2,\"name\":\"Pol\u00edtica de privacidad\"}]},{\"@type\":\"WebSite\",\"@id\":\"https:\/\/www.decolor.com\/it\/#website\",\"url\":\"https:\/\/www.decolor.com\/it\/\",\"name\":\"Decolor\",\"description\":\"Web Decolor\",\"publisher\":{\"@id\":\"https:\/\/www.decolor.com\/it\/#organization\"},\"potentialAction\":[{\"@type\":\"SearchAction\",\"target\":{\"@type\":\"EntryPoint\",\"urlTemplate\":\"https:\/\/www.decolor.com\/it\/?s={search_term_string}\"},\"query-input\":{\"@type\":\"PropertyValueSpecification\",\"valueRequired\":true,\"valueName\":\"search_term_string\"}}],\"inLanguage\":\"de\"},{\"@type\":\"Organization\",\"@id\":\"https:\/\/www.decolor.com\/it\/#organization\",\"name\":\"Decolor\",\"url\":\"https:\/\/www.decolor.com\/it\/\",\"logo\":{\"@type\":\"ImageObject\",\"inLanguage\":\"de\",\"@id\":\"https:\/\/www.decolor.com\/it\/#\/schema\/logo\/image\/\",\"url\":\"https:\/\/www.decolor.com\/wp-content\/uploads\/2021\/02\/marca_principal_pinturas_decolor_color.png\",\"contentUrl\":\"https:\/\/www.decolor.com\/wp-content\/uploads\/2021\/02\/marca_principal_pinturas_decolor_color.png\",\"width\":1588,\"height\":421,\"caption\":\"Decolor\"},\"image\":{\"@id\":\"https:\/\/www.decolor.com\/it\/#\/schema\/logo\/image\/\"}}]}<\/script>\n<!-- \/ Yoast SEO plugin. -->","yoast_head_json":{"title":"Datenschutzrichtlinie \u2013 Decolor","robots":{"index":"index","follow":"follow","max-snippet":"max-snippet:-1","max-image-preview":"max-image-preview:large","max-video-preview":"max-video-preview:-1"},"canonical":"https:\/\/www.decolor.com\/de\/politica-privacidad\/","og_locale":"de_DE","og_type":"article","og_title":"Pol\u00edtica de privacidad - Decolor","og_description":"POL\u00cdTICA DE PRIVACIDAD POL\u00cdTICA DE PRIVACIDAD \u201cSUS DATOS SEGUROS\u201d En Europa y en Espa\u00f1a existen normas de protecci\u00f3n de datos pensadas para proteger su informaci\u00f3n personal de obligado cumplimiento para nuestra entidad. Por ello, es muy importante para nosotros que entienda perfectamente qu\u00e9 vamos a hacer con los datos personales que le pedimos. As\u00ed, seremos&hellip; Pol\u00edtica de privacidad weiterlesen","og_url":"https:\/\/www.decolor.com\/de\/politica-privacidad\/","og_site_name":"Decolor","article_modified_time":"2023-12-19T18:02:12+00:00","twitter_card":"summary_large_image","twitter_misc":{"Gesch\u00e4tzte Lesezeit":"6\u00a0Minuten"},"schema":{"@context":"https:\/\/schema.org","@graph":[{"@type":"WebPage","@id":"https:\/\/www.decolor.com\/es\/politica-privacidad\/","url":"https:\/\/www.decolor.com\/es\/politica-privacidad\/","name":"Datenschutzrichtlinie \u2013 Decolor","isPartOf":{"@id":"https:\/\/www.decolor.com\/it\/#website"},"datePublished":"2021-03-17T16:15:34+00:00","dateModified":"2023-12-19T18:02:12+00:00","breadcrumb":{"@id":"https:\/\/www.decolor.com\/es\/politica-privacidad\/#breadcrumb"},"inLanguage":"de","potentialAction":[{"@type":"ReadAction","target":["https:\/\/www.decolor.com\/es\/politica-privacidad\/"]}]},{"@type":"BreadcrumbList","@id":"https:\/\/www.decolor.com\/es\/politica-privacidad\/#breadcrumb","itemListElement":[{"@type":"ListItem","position":1,"name":"Home","item":"https:\/\/www.decolor.com\/"},{"@type":"ListItem","position":2,"name":"Pol\u00edtica de privacidad"}]},{"@type":"WebSite","@id":"https:\/\/www.decolor.com\/it\/#website","url":"https:\/\/www.decolor.com\/it\/","name":"Farbe","description":"Web-Entf\u00e4rbung","publisher":{"@id":"https:\/\/www.decolor.com\/it\/#organization"},"potentialAction":[{"@type":"SearchAction","target":{"@type":"EntryPoint","urlTemplate":"https:\/\/www.decolor.com\/it\/?s={search_term_string}"},"query-input":{"@type":"PropertyValueSpecification","valueRequired":true,"valueName":"search_term_string"}}],"inLanguage":"de"},{"@type":"Organization","@id":"https:\/\/www.decolor.com\/it\/#organization","name":"Farbe","url":"https:\/\/www.decolor.com\/it\/","logo":{"@type":"ImageObject","inLanguage":"de","@id":"https:\/\/www.decolor.com\/it\/#\/schema\/logo\/image\/","url":"https:\/\/www.decolor.com\/wp-content\/uploads\/2021\/02\/marca_principal_pinturas_decolor_color.png","contentUrl":"https:\/\/www.decolor.com\/wp-content\/uploads\/2021\/02\/marca_principal_pinturas_decolor_color.png","width":1588,"height":421,"caption":"Decolor"},"image":{"@id":"https:\/\/www.decolor.com\/it\/#\/schema\/logo\/image\/"}}]}},"_links":{"self":[{"href":"https:\/\/www.decolor.com\/de\/wp-json\/wp\/v2\/pages\/4638"}],"collection":[{"href":"https:\/\/www.decolor.com\/de\/wp-json\/wp\/v2\/pages"}],"about":[{"href":"https:\/\/www.decolor.com\/de\/wp-json\/wp\/v2\/types\/page"}],"author":[{"embeddable":true,"href":"https:\/\/www.decolor.com\/de\/wp-json\/wp\/v2\/users\/1"}],"replies":[{"embeddable":true,"href":"https:\/\/www.decolor.com\/de\/wp-json\/wp\/v2\/comments?post=4638"}],"version-history":[{"count":0,"href":"https:\/\/www.decolor.com\/de\/wp-json\/wp\/v2\/pages\/4638\/revisions"}],"wp:attachment":[{"href":"https:\/\/www.decolor.com\/de\/wp-json\/wp\/v2\/media?parent=4638"}],"curies":[{"name":"wp","href":"https:\/\/api.w.org\/{rel}","templated":true}]}}