{"id":142765,"date":"2023-12-19T18:41:28","date_gmt":"2023-12-19T18:41:28","guid":{"rendered":"https:\/\/www.decolor.com\/?page_id=142765"},"modified":"2023-12-19T20:11:59","modified_gmt":"2023-12-19T20:11:59","slug":"compromiso-con-la-proteccion-de-datos-personales","status":"publish","type":"page","link":"https:\/\/www.decolor.com\/fr\/compromiso-con-la-proteccion-de-datos-personales\/","title":{"rendered":"Engagement envers la protection des donn\u00e9es personnelles"},"content":{"rendered":"<div data-elementor-type=\"wp-page\" data-elementor-id=\"142765\" class=\"elementor elementor-142765\" data-elementor-post-type=\"page\">\n\t\t\t\t\t\t<section data-particle_enable=\"false\" data-particle-mobile-disabled=\"false\" class=\"elementor-section elementor-top-section elementor-element elementor-element-525ac15 elementor-section-boxed elementor-section-height-default elementor-section-height-default\" data-id=\"525ac15\" data-element_type=\"section\">\n\t\t\t\t\t\t\t<div class=\"elementor-background-overlay\"><\/div>\n\t\t\t\t\t\t\t<div class=\"elementor-container elementor-column-gap-default\">\n\t\t\t\t\t<div class=\"elementor-column elementor-col-100 elementor-top-column elementor-element elementor-element-6d7f690\" data-id=\"6d7f690\" data-element_type=\"column\">\n\t\t\t<div class=\"elementor-widget-wrap elementor-element-populated\">\n\t\t\t\t\t\t<div class=\"elementor-element elementor-element-9d723b4 elementor-widget elementor-widget-heading\" data-id=\"9d723b4\" data-element_type=\"widget\" data-widget_type=\"heading.default\">\n\t\t\t\t<div class=\"elementor-widget-container\">\n\t\t\t<h2 class=\"elementor-heading-title elementor-size-default\">ENGAGEMENT POUR LA PROTECTION DES DONN\u00c9ES PERSONNELLES<\/h2>\t\t<\/div>\n\t\t\t\t<\/div>\n\t\t\t\t\t<\/div>\n\t\t<\/div>\n\t\t\t\t\t<\/div>\n\t\t<\/section>\n\t\t\t\t<section data-particle_enable=\"false\" data-particle-mobile-disabled=\"false\" class=\"elementor-section elementor-top-section elementor-element elementor-element-ef710dc txt-content elementor-section-boxed elementor-section-height-default elementor-section-height-default\" data-id=\"ef710dc\" data-element_type=\"section\">\n\t\t\t\t\t\t<div class=\"elementor-container elementor-column-gap-default\">\n\t\t\t\t\t<div class=\"elementor-column elementor-col-100 elementor-top-column elementor-element elementor-element-e0e3317\" data-id=\"e0e3317\" data-element_type=\"column\">\n\t\t\t<div class=\"elementor-widget-wrap elementor-element-populated\">\n\t\t\t\t\t\t<div class=\"elementor-element elementor-element-bc8b546 elementor-widget elementor-widget-heading\" data-id=\"bc8b546\" data-element_type=\"widget\" data-widget_type=\"heading.default\">\n\t\t\t\t<div class=\"elementor-widget-container\">\n\t\t\t<h2 class=\"elementor-heading-title elementor-size-large\">NOTRE ENGAGEMENT POUR LA PROTECTION DES DONN\u00c9ES PERSONNELLES : \u00ab PERSONNES INFORM\u00c9ES ET DONN\u00c9ES PROT\u00c9G\u00c9ES \u00bb<\/h2>\t\t<\/div>\n\t\t\t\t<\/div>\n\t\t\t\t<div class=\"elementor-element elementor-element-504ae53 elementor-widget elementor-widget-text-editor\" data-id=\"504ae53\" data-element_type=\"widget\" data-widget_type=\"text-editor.default\">\n\t\t\t\t<div class=\"elementor-widget-container\">\n\t\t\t\t\t\t\t<p>L&#039;organe de direction\/directeur de <strong>PINTURAS DECOLOR, SL<\/strong> (ci-apr\u00e8s, le responsable du traitement), assume une responsabilit\u00e9 et un engagement maximum dans l&#039;\u00e9tablissement, la mise en \u0153uvre et le maintien de cette politique de protection des donn\u00e9es, garantissant l&#039;am\u00e9lioration continue du responsable du traitement dans le but d&#039;atteindre l&#039;excellence en mati\u00e8re de respect du r\u00e8glement (UE) 2016. \/679 du Parlement europ\u00e9en et du Conseil, du 27 avril 2016, relative \u00e0 la protection des personnes physiques \u00e0 l&#039;\u00e9gard du traitement des donn\u00e9es \u00e0 caract\u00e8re personnel et \u00e0 la libre circulation de ces donn\u00e9es et qui abroge donc la directive 95\/46\/CE (g\u00e9n\u00e9rale r\u00e8glement sur la protection des donn\u00e9es) (JOUE L 119\/1, 05-04-2016), et la r\u00e9glementation espagnole sur la protection des donn\u00e9es personnelles (loi organique, l\u00e9gislation sp\u00e9cifique au secteur et ses normes de d\u00e9veloppement).<\/p><p>La Politique de Protection des Donn\u00e9es de <strong>PINTURAS DECOLOR, SL<\/strong> reste dans le <span style=\"text-decoration: underline;\">principe de responsabilit\u00e9 proactive<\/span>, selon lequel le responsable du traitement est responsable du respect du cadre r\u00e9glementaire et jurisprudentiel qui r\u00e9git ladite Politique, et est en mesure de le d\u00e9montrer aux autorit\u00e9s de contr\u00f4le comp\u00e9tentes.<\/p><p>En ce sens, le responsable du traitement sera r\u00e9gi par les principes suivants qui doivent servir de guide et de cadre de r\u00e9f\u00e9rence \u00e0 tout son personnel dans le traitement des donn\u00e9es personnelles :<\/p><ol><li><span style=\"text-decoration: underline;\">Protection des donn\u00e9es d\u00e8s la conception<\/span>: le responsable du traitement appliquera, tant au moment de la d\u00e9termination des moyens de traitement qu&#039;au moment du traitement lui-m\u00eame, des mesures techniques et organisationnelles appropri\u00e9es, telles que la pseudonymisation, con\u00e7ues pour appliquer efficacement les principes de protection des donn\u00e9es, tels que la minimisation des donn\u00e9es, et int\u00e9grer les garanties n\u00e9cessaires dans le traitement.<\/li><li><span style=\"text-decoration: underline;\">Protection des donn\u00e9es par d\u00e9faut<\/span>: le responsable du traitement appliquera les mesures techniques et organisationnelles appropri\u00e9es pour garantir que, par d\u00e9faut, seules les donn\u00e9es personnelles n\u00e9cessaires \u00e0 chacune des finalit\u00e9s sp\u00e9cifiques du traitement soient trait\u00e9es.<\/li><li><span style=\"text-decoration: underline;\">Protection des donn\u00e9es dans le cycle de vie de l&#039;information<\/span>: les mesures garantissant la protection des donn\u00e9es personnelles seront applicables pendant tout le cycle de vie des informations.<\/li><li><span style=\"text-decoration: underline;\">L\u00e9galit\u00e9, loyaut\u00e9 et transparence<\/span>: les donn\u00e9es personnelles seront trait\u00e9es de mani\u00e8re licite, \u00e9quitable et transparente par rapport \u00e0 l&#039;int\u00e9ress\u00e9.<\/li><li><span style=\"text-decoration: underline;\">Limitation du but<\/span>: les donn\u00e9es personnelles seront collect\u00e9es \u00e0 des fins sp\u00e9cifiques, explicites et l\u00e9gitimes, et ne seront pas trait\u00e9es ult\u00e9rieurement d&#039;une mani\u00e8re incompatible avec ces finalit\u00e9s.<\/li><li><span style=\"text-decoration: underline;\">Minimisation des donn\u00e9es<\/span>: les donn\u00e9es personnelles seront ad\u00e9quates, pertinentes et limit\u00e9es \u00e0 ce qui est n\u00e9cessaire au regard des finalit\u00e9s pour lesquelles elles sont trait\u00e9es.<\/li><li><span style=\"text-decoration: underline;\">Pr\u00e9cision<\/span>: les donn\u00e9es personnelles seront exactes et, si n\u00e9cessaire, mises \u00e0 jour ; Toutes les mesures raisonnables seront prises pour supprimer ou rectifier rapidement les donn\u00e9es personnelles inexactes au regard des finalit\u00e9s pour lesquelles elles sont trait\u00e9es.<\/li><li><span style=\"text-decoration: underline;\">Limitation de la p\u00e9riode de conservation<\/span>: les donn\u00e9es personnelles seront conserv\u00e9es de mani\u00e8re \u00e0 permettre l&#039;identification des parties int\u00e9ress\u00e9es pendant une dur\u00e9e n&#039;exc\u00e9dant pas celle n\u00e9cessaire aux fins du traitement des donn\u00e9es personnelles.<\/li><li><span style=\"text-decoration: underline;\">Int\u00e9grit\u00e9 et confidentialit\u00e9<\/span>: les donn\u00e9es personnelles seront trait\u00e9es de mani\u00e8re \u00e0 garantir une s\u00e9curit\u00e9 ad\u00e9quate des donn\u00e9es personnelles, y compris la protection contre le traitement non autoris\u00e9 ou ill\u00e9gal et contre la perte, la destruction ou les dommages accidentels, par l&#039;application de mesures techniques ou organisationnelles appropri\u00e9es.<\/li><li><span style=\"text-decoration: underline;\">Informations et formation<\/span>: l&#039;une des cl\u00e9s pour garantir la protection des donn\u00e9es personnelles est la formation et l&#039;information du personnel impliqu\u00e9 dans leur traitement. Pendant le cycle de vie des informations, tout le personnel ayant acc\u00e8s aux donn\u00e9es sera correctement form\u00e9 et inform\u00e9 de ses obligations en mati\u00e8re de respect de la r\u00e9glementation sur la protection des donn\u00e9es.<\/li><\/ol><p>La Politique de Protection des Donn\u00e9es de <strong>PINTURAS DECOLOR, SL<\/strong> Elle est communiqu\u00e9e \u00e0 l&#039;ensemble du personnel du responsable du traitement et mise \u00e0 la disposition de toutes les parties int\u00e9ress\u00e9es.<\/p><p>Par cons\u00e9quent, la pr\u00e9sente Politique de Protection des Donn\u00e9es implique tout le personnel du responsable du traitement, qui doit la conna\u00eetre et l&#039;assumer, la consid\u00e9rant comme la sienne, chaque membre \u00e9tant responsable de l&#039;appliquer et de v\u00e9rifier la r\u00e9glementation sur la protection des donn\u00e9es applicable \u00e0 son activit\u00e9. ainsi qu&#039;identifier et fournir les opportunit\u00e9s d&#039;am\u00e9lioration qu&#039;il juge appropri\u00e9es dans le but d&#039;atteindre l&#039;excellence en mati\u00e8re de conformit\u00e9.<\/p><p>Cette politique sera examin\u00e9e par la direction\/l&#039;organe directeur de <strong>PINTURAS DECOLOR, SL<\/strong>, autant de fois que cela est jug\u00e9 n\u00e9cessaire, pour s&#039;adapter, \u00e0 tout moment, aux dispositions en vigueur en mati\u00e8re de protection des donn\u00e9es personnelles.<\/p>\t\t\t\t\t\t<\/div>\n\t\t\t\t<\/div>\n\t\t\t\t\t<\/div>\n\t\t<\/div>\n\t\t\t\t\t<\/div>\n\t\t<\/section>\n\t\t\t\t<\/div>","protected":false},"excerpt":{"rendered":"<p>ENGAGEMENT POUR LA PROTECTION DES DONN\u00c9ES PERSONNELLES NOTRE ENGAGEMENT POUR LA PROTECTION DES DONN\u00c9ES PERSONNELLES: \u00ab PERSONNES INFORM\u00c9ES ET DONN\u00c9ES PROT\u00c9G\u00c9ES \u00bb La Direction \/ Organe Directeur de PINTURAS DECOLOR, SL (ci-apr\u00e8s, la personne responsable du traitement), assume la responsabilit\u00e9 et l&#039;engagement maximum avec l\u2019\u00e9tablissement, la mise en \u0153uvre et le maintien de cette politique de protection de la vie priv\u00e9e\u2026 <a class=\"more-link\" href=\"https:\/\/www.decolor.com\/fr\/compromiso-con-la-proteccion-de-datos-personales\/\">Continuer la lecture <span class=\"screen-reader-text\">Engagement envers la protection des donn\u00e9es personnelles<\/span><\/a><\/p>","protected":false},"author":1,"featured_media":0,"parent":0,"menu_order":0,"comment_status":"closed","ping_status":"closed","template":"elementor_header_footer","meta":{"_acf_changed":false,"footnotes":""},"class_list":["post-142765","page","type-page","status-publish","hentry","entry"],"acf":[],"yoast_head":"<!-- This site is optimized with the Yoast SEO plugin v23.4 - https:\/\/yoast.com\/wordpress\/plugins\/seo\/ -->\n<title>Compromiso con la protecci\u00f3n de datos personales - Decolor<\/title>\n<meta name=\"robots\" content=\"index, follow, max-snippet:-1, max-image-preview:large, max-video-preview:-1\" \/>\n<link rel=\"canonical\" href=\"https:\/\/www.decolor.com\/fr\/compromiso-con-la-proteccion-de-datos-personales\/\" \/>\n<meta property=\"og:locale\" content=\"fr_FR\" \/>\n<meta property=\"og:type\" content=\"article\" \/>\n<meta property=\"og:title\" content=\"Compromiso con la protecci\u00f3n de datos personales - Decolor\" \/>\n<meta property=\"og:description\" content=\"COMPROMISO CON LA PROTECCI\u00d3N DE DATOS PERSONALES NUESTRO COMPROMISO CON LA PROTECCI\u00d3N DE DATOS PERSONALES: \u201cPERSONAS INFORMADAS Y DATOS PROTEGIDOS\u201d La Direcci\u00f3n \/ \u00d3rgano de Gobierno de PINTURAS DECOLOR, S.L. (en adelante, el responsable del tratamiento), asume la m\u00e1xima responsabilidad y compromiso con el establecimiento, implementaci\u00f3n y mantenimiento de la presente Pol\u00edtica de Protecci\u00f3n de&hellip; Continue reading Compromiso con la protecci\u00f3n de datos personales\" \/>\n<meta property=\"og:url\" content=\"https:\/\/www.decolor.com\/fr\/compromiso-con-la-proteccion-de-datos-personales\/\" \/>\n<meta property=\"og:site_name\" content=\"Decolor\" \/>\n<meta property=\"article:modified_time\" content=\"2023-12-19T20:11:59+00:00\" \/>\n<meta name=\"twitter:card\" content=\"summary_large_image\" \/>\n<meta name=\"twitter:label1\" content=\"Dur\u00e9e de lecture estim\u00e9e\" \/>\n\t<meta name=\"twitter:data1\" content=\"4 minutes\" \/>\n<script type=\"application\/ld+json\" class=\"yoast-schema-graph\">{\"@context\":\"https:\/\/schema.org\",\"@graph\":[{\"@type\":\"WebPage\",\"@id\":\"https:\/\/www.decolor.com\/ru\/compromiso-con-la-proteccion-de-datos-personales\/\",\"url\":\"https:\/\/www.decolor.com\/ru\/compromiso-con-la-proteccion-de-datos-personales\/\",\"name\":\"Compromiso con la protecci\u00f3n de datos personales - Decolor\",\"isPartOf\":{\"@id\":\"https:\/\/www.decolor.com\/it\/#website\"},\"datePublished\":\"2023-12-19T18:41:28+00:00\",\"dateModified\":\"2023-12-19T20:11:59+00:00\",\"breadcrumb\":{\"@id\":\"https:\/\/www.decolor.com\/ru\/compromiso-con-la-proteccion-de-datos-personales\/#breadcrumb\"},\"inLanguage\":\"fr-FR\",\"potentialAction\":[{\"@type\":\"ReadAction\",\"target\":[\"https:\/\/www.decolor.com\/ru\/compromiso-con-la-proteccion-de-datos-personales\/\"]}]},{\"@type\":\"BreadcrumbList\",\"@id\":\"https:\/\/www.decolor.com\/ru\/compromiso-con-la-proteccion-de-datos-personales\/#breadcrumb\",\"itemListElement\":[{\"@type\":\"ListItem\",\"position\":1,\"name\":\"Home\",\"item\":\"https:\/\/www.decolor.com\/\"},{\"@type\":\"ListItem\",\"position\":2,\"name\":\"Compromiso con la protecci\u00f3n de datos personales\"}]},{\"@type\":\"WebSite\",\"@id\":\"https:\/\/www.decolor.com\/it\/#website\",\"url\":\"https:\/\/www.decolor.com\/it\/\",\"name\":\"Decolor\",\"description\":\"Web Decolor\",\"publisher\":{\"@id\":\"https:\/\/www.decolor.com\/it\/#organization\"},\"potentialAction\":[{\"@type\":\"SearchAction\",\"target\":{\"@type\":\"EntryPoint\",\"urlTemplate\":\"https:\/\/www.decolor.com\/it\/?s={search_term_string}\"},\"query-input\":{\"@type\":\"PropertyValueSpecification\",\"valueRequired\":true,\"valueName\":\"search_term_string\"}}],\"inLanguage\":\"fr-FR\"},{\"@type\":\"Organization\",\"@id\":\"https:\/\/www.decolor.com\/it\/#organization\",\"name\":\"Decolor\",\"url\":\"https:\/\/www.decolor.com\/it\/\",\"logo\":{\"@type\":\"ImageObject\",\"inLanguage\":\"fr-FR\",\"@id\":\"https:\/\/www.decolor.com\/it\/#\/schema\/logo\/image\/\",\"url\":\"https:\/\/www.decolor.com\/wp-content\/uploads\/2021\/02\/marca_principal_pinturas_decolor_color.png\",\"contentUrl\":\"https:\/\/www.decolor.com\/wp-content\/uploads\/2021\/02\/marca_principal_pinturas_decolor_color.png\",\"width\":1588,\"height\":421,\"caption\":\"Decolor\"},\"image\":{\"@id\":\"https:\/\/www.decolor.com\/it\/#\/schema\/logo\/image\/\"}}]}<\/script>\n<!-- \/ Yoast SEO plugin. -->","yoast_head_json":{"title":"Compromiso con la protecci\u00f3n de datos personales - Decolor","robots":{"index":"index","follow":"follow","max-snippet":"max-snippet:-1","max-image-preview":"max-image-preview:large","max-video-preview":"max-video-preview:-1"},"canonical":"https:\/\/www.decolor.com\/fr\/compromiso-con-la-proteccion-de-datos-personales\/","og_locale":"fr_FR","og_type":"article","og_title":"Compromiso con la protecci\u00f3n de datos personales - Decolor","og_description":"COMPROMISO CON LA PROTECCI\u00d3N DE DATOS PERSONALES NUESTRO COMPROMISO CON LA PROTECCI\u00d3N DE DATOS PERSONALES: \u201cPERSONAS INFORMADAS Y DATOS PROTEGIDOS\u201d La Direcci\u00f3n \/ \u00d3rgano de Gobierno de PINTURAS DECOLOR, S.L. (en adelante, el responsable del tratamiento), asume la m\u00e1xima responsabilidad y compromiso con el establecimiento, implementaci\u00f3n y mantenimiento de la presente Pol\u00edtica de Protecci\u00f3n de&hellip; Continue reading Compromiso con la protecci\u00f3n de datos personales","og_url":"https:\/\/www.decolor.com\/fr\/compromiso-con-la-proteccion-de-datos-personales\/","og_site_name":"Decolor","article_modified_time":"2023-12-19T20:11:59+00:00","twitter_card":"summary_large_image","twitter_misc":{"Dur\u00e9e de lecture estim\u00e9e":"4 minutes"},"schema":{"@context":"https:\/\/schema.org","@graph":[{"@type":"WebPage","@id":"https:\/\/www.decolor.com\/ru\/compromiso-con-la-proteccion-de-datos-personales\/","url":"https:\/\/www.decolor.com\/ru\/compromiso-con-la-proteccion-de-datos-personales\/","name":"Compromiso con la protecci\u00f3n de datos personales - Decolor","isPartOf":{"@id":"https:\/\/www.decolor.com\/it\/#website"},"datePublished":"2023-12-19T18:41:28+00:00","dateModified":"2023-12-19T20:11:59+00:00","breadcrumb":{"@id":"https:\/\/www.decolor.com\/ru\/compromiso-con-la-proteccion-de-datos-personales\/#breadcrumb"},"inLanguage":"fr-FR","potentialAction":[{"@type":"ReadAction","target":["https:\/\/www.decolor.com\/ru\/compromiso-con-la-proteccion-de-datos-personales\/"]}]},{"@type":"BreadcrumbList","@id":"https:\/\/www.decolor.com\/ru\/compromiso-con-la-proteccion-de-datos-personales\/#breadcrumb","itemListElement":[{"@type":"ListItem","position":1,"name":"Home","item":"https:\/\/www.decolor.com\/"},{"@type":"ListItem","position":2,"name":"Compromiso con la protecci\u00f3n de datos personales"}]},{"@type":"WebSite","@id":"https:\/\/www.decolor.com\/it\/#website","url":"https:\/\/www.decolor.com\/it\/","name":"Decolor","description":"D\u00e9coloration Web","publisher":{"@id":"https:\/\/www.decolor.com\/it\/#organization"},"potentialAction":[{"@type":"SearchAction","target":{"@type":"EntryPoint","urlTemplate":"https:\/\/www.decolor.com\/it\/?s={search_term_string}"},"query-input":{"@type":"PropertyValueSpecification","valueRequired":true,"valueName":"search_term_string"}}],"inLanguage":"fr-FR"},{"@type":"Organization","@id":"https:\/\/www.decolor.com\/it\/#organization","name":"Decolor","url":"https:\/\/www.decolor.com\/it\/","logo":{"@type":"ImageObject","inLanguage":"fr-FR","@id":"https:\/\/www.decolor.com\/it\/#\/schema\/logo\/image\/","url":"https:\/\/www.decolor.com\/wp-content\/uploads\/2021\/02\/marca_principal_pinturas_decolor_color.png","contentUrl":"https:\/\/www.decolor.com\/wp-content\/uploads\/2021\/02\/marca_principal_pinturas_decolor_color.png","width":1588,"height":421,"caption":"Decolor"},"image":{"@id":"https:\/\/www.decolor.com\/it\/#\/schema\/logo\/image\/"}}]}},"_links":{"self":[{"href":"https:\/\/www.decolor.com\/fr\/wp-json\/wp\/v2\/pages\/142765"}],"collection":[{"href":"https:\/\/www.decolor.com\/fr\/wp-json\/wp\/v2\/pages"}],"about":[{"href":"https:\/\/www.decolor.com\/fr\/wp-json\/wp\/v2\/types\/page"}],"author":[{"embeddable":true,"href":"https:\/\/www.decolor.com\/fr\/wp-json\/wp\/v2\/users\/1"}],"replies":[{"embeddable":true,"href":"https:\/\/www.decolor.com\/fr\/wp-json\/wp\/v2\/comments?post=142765"}],"version-history":[{"count":0,"href":"https:\/\/www.decolor.com\/fr\/wp-json\/wp\/v2\/pages\/142765\/revisions"}],"wp:attachment":[{"href":"https:\/\/www.decolor.com\/fr\/wp-json\/wp\/v2\/media?parent=142765"}],"curies":[{"name":"wp","href":"https:\/\/api.w.org\/{rel}","templated":true}]}}