{"id":136038,"date":"2022-02-18T10:25:16","date_gmt":"2022-02-18T10:25:16","guid":{"rendered":"https:\/\/www.decolor.com\/?page_id=136038"},"modified":"2026-02-24T07:51:58","modified_gmt":"2026-02-24T07:51:58","slug":"politica-de-calidad-y-gestion-ambiental","status":"publish","type":"page","link":"https:\/\/www.decolor.com\/it\/politica-de-calidad-y-gestion-ambiental\/","title":{"rendered":"POLITICA DELLA QUALIT\u00c0 E GESTIONE AMBIENTALE"},"content":{"rendered":"<div data-elementor-type=\"wp-page\" data-elementor-id=\"136038\" class=\"elementor elementor-136038\" data-elementor-post-type=\"page\">\n\t\t\t\t\t\t<section data-particle_enable=\"false\" data-particle-mobile-disabled=\"false\" class=\"elementor-section elementor-top-section elementor-element elementor-element-525ac15 elementor-section-boxed elementor-section-height-default elementor-section-height-default\" data-id=\"525ac15\" data-element_type=\"section\">\n\t\t\t\t\t\t\t<div class=\"elementor-background-overlay\"><\/div>\n\t\t\t\t\t\t\t<div class=\"elementor-container elementor-column-gap-default\">\n\t\t\t\t\t<div class=\"elementor-column elementor-col-100 elementor-top-column elementor-element elementor-element-6d7f690\" data-id=\"6d7f690\" data-element_type=\"column\">\n\t\t\t<div class=\"elementor-widget-wrap elementor-element-populated\">\n\t\t\t\t\t\t<div class=\"elementor-element elementor-element-9d723b4 elementor-widget elementor-widget-heading\" data-id=\"9d723b4\" data-element_type=\"widget\" data-widget_type=\"heading.default\">\n\t\t\t\t<div class=\"elementor-widget-container\">\n\t\t\t<h2 class=\"elementor-heading-title elementor-size-default\">POLITICA DELLA QUALIT\u00c0 E GESTIONE AMBIENTALE<\/h2>\t\t<\/div>\n\t\t\t\t<\/div>\n\t\t\t\t\t<\/div>\n\t\t<\/div>\n\t\t\t\t\t<\/div>\n\t\t<\/section>\n\t\t\t\t<section data-particle_enable=\"false\" data-particle-mobile-disabled=\"false\" class=\"elementor-section elementor-top-section elementor-element elementor-element-ef710dc elementor-section-boxed elementor-section-height-default elementor-section-height-default\" data-id=\"ef710dc\" data-element_type=\"section\">\n\t\t\t\t\t\t<div class=\"elementor-container elementor-column-gap-default\">\n\t\t\t\t\t<div class=\"elementor-column elementor-col-100 elementor-top-column elementor-element elementor-element-e0e3317\" data-id=\"e0e3317\" data-element_type=\"column\">\n\t\t\t<div class=\"elementor-widget-wrap elementor-element-populated\">\n\t\t\t\t\t\t<div class=\"elementor-element elementor-element-a5f2b87 elementor-widget elementor-widget-text-editor\" data-id=\"a5f2b87\" data-element_type=\"widget\" data-widget_type=\"text-editor.default\">\n\t\t\t\t<div class=\"elementor-widget-container\">\n\t\t\t\t\t\t\t<p data-olk-copy-source=\"MessageBody\">La Direzione Generale di\u00a0<b>VERNICI<\/b>\u00a0<b>COLORE<\/b>\u00a0Consapevole della crescente importanza della sensibilit\u00e0 sociale legata alla salute e alla qualit\u00e0 dei prodotti consumati nei mercati odierni e, di conseguenza, di una corretta gestione ambientale, \u00e8 pienamente impegnata nell&#039;implementazione e nel miglioramento continuo del suo GISCA (Sistema Integrato e Sistematico di Qualit\u00e0 e Ambiente) secondo le norme UNE-EN ISO 9001:2015 e UNE-EN ISO 14001:2015, per la sua attivit\u00e0 di PRODUTTORE DI PITTURE, VERNICI, RIVESTIMENTI E TRATTAMENTI SPECIALI.<\/p><p aria-hidden=\"true\">\u00a0<\/p><p>Questo impegno \u00e8 reso esplicito come\u00a0<b>Qualit\u00e0 e buona gestione ambientale<\/b>\u00a0in tutte quelle azioni volte a conseguire:<\/p><p aria-hidden=\"true\">\u00a0<\/p><ul type=\"disc\"><li>Un continuo miglioramento dei nostri prodotti e servizi.<\/li><li>Rispettare i requisiti legali che riguardano la nostra organizzazione e gli altri requisiti che l&#039;organizzazione sottoscrive in relazione ai suoi aspetti ambientali, ai requisiti dei nostri clienti, di altre parti interessate e ai nostri.<\/li><li>Adeguata comunicazione e formazione del personale aziendale, nonch\u00e9 la loro completa collaborazione.<\/li><li>Impegno verso l&#039;obiettivo di zero errori analizzando, imparando e superando le cause che li generano.<\/li><li>Sviluppo sostenibile, rispetto dell&#039;ambiente e prevenzione dell&#039;inquinamento<\/li><li>Che ogni persona sia responsabile della qualit\u00e0 del proprio lavoro e della tutela dell&#039;Ambiente, nonch\u00e9 della sua verifica secondo i piani stabiliti.<\/li><\/ul><p aria-hidden=\"true\">\u00a0<\/p><p>Nella misura in cui saremo in grado di migliorare questi aspetti, ci avvicineremo al nostro obiettivo fondamentale.\u201c<b>per soddisfare pienamente le esigenze e le aspettative dei nostri clienti<\/b>\u201d.<\/p><p aria-hidden=\"true\">\u00a0<\/p><p>La Direzione Generale di\u00a0<b>VERNICI<\/b>\u00a0<b>COLORE<\/b>\u00a0esprime il fermo impegno a portare avanti la propria politica di gestione per la qualit\u00e0 e l&#039;ambiente, nonch\u00e9 ad effettuare le opportune revisioni e aggiornamenti.<\/p><p>\u00a0 \u00a0 \u00a0 \u00a0 \u00a0<\/p><p>La Roda, 7 gennaio 2021<\/p>\t\t\t\t\t\t<\/div>\n\t\t\t\t<\/div>\n\t\t\t\t\t<\/div>\n\t\t<\/div>\n\t\t\t\t\t<\/div>\n\t\t<\/section>\n\t\t\t\t<\/div>","protected":false},"excerpt":{"rendered":"<p>POLITICA DI GESTIONE DELLA QUALIT\u00c0 E DELL&#039;AMBIENTE La Direzione Generale di PINTURAS DECOLOR, consapevole della crescente importanza della sensibilit\u00e0 sociale legata alla salute e alla qualit\u00e0 dei prodotti consumati nei mercati odierni e, di conseguenza, di una corretta gestione ambientale, \u00e8 pienamente impegnata nell&#039;attuazione e nel miglioramento continuo della sua POLITICA DI GESTIONE DELLA QUALIT\u00c0 E DELL&#039;AMBIENTE\u2026 <a class=\"more-link\" href=\"https:\/\/www.decolor.com\/it\/politica-de-calidad-y-gestion-ambiental\/\">continua a leggere <span class=\"screen-reader-text\">POLITICA DELLA QUALIT\u00c0 E GESTIONE AMBIENTALE<\/span><\/a><\/p>","protected":false},"author":1,"featured_media":0,"parent":0,"menu_order":0,"comment_status":"closed","ping_status":"closed","template":"elementor_header_footer","meta":{"_acf_changed":false,"footnotes":""},"class_list":["post-136038","page","type-page","status-publish","hentry","entry"],"acf":[],"yoast_head":"<!-- This site is optimized with the Yoast SEO plugin v23.4 - https:\/\/yoast.com\/wordpress\/plugins\/seo\/ -->\n<title>POLITICA DE CALIDAD Y GESTION AMBIENTAL - Decolor<\/title>\n<meta name=\"robots\" content=\"index, follow, max-snippet:-1, max-image-preview:large, max-video-preview:-1\" \/>\n<link rel=\"canonical\" href=\"https:\/\/www.decolor.com\/it\/politica-de-calidad-y-gestion-ambiental\/\" \/>\n<meta property=\"og:locale\" content=\"it_IT\" \/>\n<meta property=\"og:type\" content=\"article\" \/>\n<meta property=\"og:title\" content=\"POLITICA DE CALIDAD Y GESTION AMBIENTAL - Decolor\" \/>\n<meta property=\"og:description\" content=\"POLITICA DE CALIDAD Y GESTION AMBIENTAL La Direcci\u00f3n General de\u00a0PINTURAS\u00a0DECOLOR\u00a0consciente de la creciente importancia de la sensibilidad social relacionada con la salud y de la calidad de los productos a consumir en los mercados actuales y, a su vez, \u00a0la correcta gesti\u00f3n medioambiental, est\u00e1 plenamente comprometida con la implantaci\u00f3n y mejora continua de su G.I.S.C.A.&hellip; Continua a leggere POLITICA DE CALIDAD Y GESTION AMBIENTAL\" \/>\n<meta property=\"og:url\" content=\"https:\/\/www.decolor.com\/it\/politica-de-calidad-y-gestion-ambiental\/\" \/>\n<meta property=\"og:site_name\" content=\"Decolor\" \/>\n<meta property=\"article:modified_time\" content=\"2026-02-24T07:51:58+00:00\" \/>\n<meta name=\"twitter:card\" content=\"summary_large_image\" \/>\n<meta name=\"twitter:label1\" content=\"Tempo di lettura stimato\" \/>\n\t<meta name=\"twitter:data1\" content=\"2 minuti\" \/>\n<script type=\"application\/ld+json\" class=\"yoast-schema-graph\">{\"@context\":\"https:\/\/schema.org\",\"@graph\":[{\"@type\":\"WebPage\",\"@id\":\"https:\/\/www.decolor.com\/es\/politica-de-calidad-y-gestion-ambiental\/\",\"url\":\"https:\/\/www.decolor.com\/es\/politica-de-calidad-y-gestion-ambiental\/\",\"name\":\"POLITICA DE CALIDAD Y GESTION AMBIENTAL - Decolor\",\"isPartOf\":{\"@id\":\"https:\/\/www.decolor.com\/it\/#website\"},\"datePublished\":\"2022-02-18T10:25:16+00:00\",\"dateModified\":\"2026-02-24T07:51:58+00:00\",\"breadcrumb\":{\"@id\":\"https:\/\/www.decolor.com\/es\/politica-de-calidad-y-gestion-ambiental\/#breadcrumb\"},\"inLanguage\":\"it-IT\",\"potentialAction\":[{\"@type\":\"ReadAction\",\"target\":[\"https:\/\/www.decolor.com\/es\/politica-de-calidad-y-gestion-ambiental\/\"]}]},{\"@type\":\"BreadcrumbList\",\"@id\":\"https:\/\/www.decolor.com\/es\/politica-de-calidad-y-gestion-ambiental\/#breadcrumb\",\"itemListElement\":[{\"@type\":\"ListItem\",\"position\":1,\"name\":\"Home\",\"item\":\"https:\/\/www.decolor.com\/\"},{\"@type\":\"ListItem\",\"position\":2,\"name\":\"POLITICA DE CALIDAD Y GESTION AMBIENTAL\"}]},{\"@type\":\"WebSite\",\"@id\":\"https:\/\/www.decolor.com\/it\/#website\",\"url\":\"https:\/\/www.decolor.com\/it\/\",\"name\":\"Decolor\",\"description\":\"Web Decolor\",\"publisher\":{\"@id\":\"https:\/\/www.decolor.com\/it\/#organization\"},\"potentialAction\":[{\"@type\":\"SearchAction\",\"target\":{\"@type\":\"EntryPoint\",\"urlTemplate\":\"https:\/\/www.decolor.com\/it\/?s={search_term_string}\"},\"query-input\":{\"@type\":\"PropertyValueSpecification\",\"valueRequired\":true,\"valueName\":\"search_term_string\"}}],\"inLanguage\":\"it-IT\"},{\"@type\":\"Organization\",\"@id\":\"https:\/\/www.decolor.com\/it\/#organization\",\"name\":\"Decolor\",\"url\":\"https:\/\/www.decolor.com\/it\/\",\"logo\":{\"@type\":\"ImageObject\",\"inLanguage\":\"it-IT\",\"@id\":\"https:\/\/www.decolor.com\/it\/#\/schema\/logo\/image\/\",\"url\":\"https:\/\/www.decolor.com\/wp-content\/uploads\/2021\/02\/marca_principal_pinturas_decolor_color.png\",\"contentUrl\":\"https:\/\/www.decolor.com\/wp-content\/uploads\/2021\/02\/marca_principal_pinturas_decolor_color.png\",\"width\":1588,\"height\":421,\"caption\":\"Decolor\"},\"image\":{\"@id\":\"https:\/\/www.decolor.com\/it\/#\/schema\/logo\/image\/\"}}]}<\/script>\n<!-- \/ Yoast SEO plugin. -->","yoast_head_json":{"title":"POLITICA DI GESTIONE DELLA QUALIT\u00c0 E DELL&#039;AMBIENTE - Decolor","robots":{"index":"index","follow":"follow","max-snippet":"max-snippet:-1","max-image-preview":"max-image-preview:large","max-video-preview":"max-video-preview:-1"},"canonical":"https:\/\/www.decolor.com\/it\/politica-de-calidad-y-gestion-ambiental\/","og_locale":"it_IT","og_type":"article","og_title":"POLITICA DE CALIDAD Y GESTION AMBIENTAL - Decolor","og_description":"POLITICA DE CALIDAD Y GESTION AMBIENTAL La Direcci\u00f3n General de\u00a0PINTURAS\u00a0DECOLOR\u00a0consciente de la creciente importancia de la sensibilidad social relacionada con la salud y de la calidad de los productos a consumir en los mercados actuales y, a su vez, \u00a0la correcta gesti\u00f3n medioambiental, est\u00e1 plenamente comprometida con la implantaci\u00f3n y mejora continua de su G.I.S.C.A.&hellip; Continua a leggere POLITICA DE CALIDAD Y GESTION AMBIENTAL","og_url":"https:\/\/www.decolor.com\/it\/politica-de-calidad-y-gestion-ambiental\/","og_site_name":"Decolor","article_modified_time":"2026-02-24T07:51:58+00:00","twitter_card":"summary_large_image","twitter_misc":{"Tempo di lettura stimato":"2 minuti"},"schema":{"@context":"https:\/\/schema.org","@graph":[{"@type":"WebPage","@id":"https:\/\/www.decolor.com\/es\/politica-de-calidad-y-gestion-ambiental\/","url":"https:\/\/www.decolor.com\/es\/politica-de-calidad-y-gestion-ambiental\/","name":"POLITICA DI GESTIONE DELLA QUALIT\u00c0 E DELL&#039;AMBIENTE - Decolor","isPartOf":{"@id":"https:\/\/www.decolor.com\/it\/#website"},"datePublished":"2022-02-18T10:25:16+00:00","dateModified":"2026-02-24T07:51:58+00:00","breadcrumb":{"@id":"https:\/\/www.decolor.com\/es\/politica-de-calidad-y-gestion-ambiental\/#breadcrumb"},"inLanguage":"it-IT","potentialAction":[{"@type":"ReadAction","target":["https:\/\/www.decolor.com\/es\/politica-de-calidad-y-gestion-ambiental\/"]}]},{"@type":"BreadcrumbList","@id":"https:\/\/www.decolor.com\/es\/politica-de-calidad-y-gestion-ambiental\/#breadcrumb","itemListElement":[{"@type":"ListItem","position":1,"name":"Home","item":"https:\/\/www.decolor.com\/"},{"@type":"ListItem","position":2,"name":"POLITICA DE CALIDAD Y GESTION AMBIENTAL"}]},{"@type":"WebSite","@id":"https:\/\/www.decolor.com\/it\/#website","url":"https:\/\/www.decolor.com\/it\/","name":"Colore","description":"Decorazione web","publisher":{"@id":"https:\/\/www.decolor.com\/it\/#organization"},"potentialAction":[{"@type":"SearchAction","target":{"@type":"EntryPoint","urlTemplate":"https:\/\/www.decolor.com\/it\/?s={search_term_string}"},"query-input":{"@type":"PropertyValueSpecification","valueRequired":true,"valueName":"search_term_string"}}],"inLanguage":"it-IT"},{"@type":"Organization","@id":"https:\/\/www.decolor.com\/it\/#organization","name":"Colore","url":"https:\/\/www.decolor.com\/it\/","logo":{"@type":"ImageObject","inLanguage":"it-IT","@id":"https:\/\/www.decolor.com\/it\/#\/schema\/logo\/image\/","url":"https:\/\/www.decolor.com\/wp-content\/uploads\/2021\/02\/marca_principal_pinturas_decolor_color.png","contentUrl":"https:\/\/www.decolor.com\/wp-content\/uploads\/2021\/02\/marca_principal_pinturas_decolor_color.png","width":1588,"height":421,"caption":"Decolor"},"image":{"@id":"https:\/\/www.decolor.com\/it\/#\/schema\/logo\/image\/"}}]}},"_links":{"self":[{"href":"https:\/\/www.decolor.com\/it\/wp-json\/wp\/v2\/pages\/136038"}],"collection":[{"href":"https:\/\/www.decolor.com\/it\/wp-json\/wp\/v2\/pages"}],"about":[{"href":"https:\/\/www.decolor.com\/it\/wp-json\/wp\/v2\/types\/page"}],"author":[{"embeddable":true,"href":"https:\/\/www.decolor.com\/it\/wp-json\/wp\/v2\/users\/1"}],"replies":[{"embeddable":true,"href":"https:\/\/www.decolor.com\/it\/wp-json\/wp\/v2\/comments?post=136038"}],"version-history":[{"count":3,"href":"https:\/\/www.decolor.com\/it\/wp-json\/wp\/v2\/pages\/136038\/revisions"}],"predecessor-version":[{"id":151674,"href":"https:\/\/www.decolor.com\/it\/wp-json\/wp\/v2\/pages\/136038\/revisions\/151674"}],"wp:attachment":[{"href":"https:\/\/www.decolor.com\/it\/wp-json\/wp\/v2\/media?parent=136038"}],"curies":[{"name":"parola chiave","href":"https:\/\/api.w.org\/{rel}","templated":true}]}}